{"id":80289,"date":"2025-08-29T08:02:24","date_gmt":"2025-08-29T07:02:24","guid":{"rendered":"https:\/\/museum-mb.si\/?post_type=dogodki&#038;p=80289"},"modified":"2025-09-08T07:41:15","modified_gmt":"2025-09-08T06:41:15","slug":"ein-schmerzhaftes-netz-von-unbeantworteten-fragen","status":"publish","type":"dogodki","link":"https:\/\/museum-mb.si\/de\/veranstaltungen\/ein-schmerzhaftes-netz-von-unbeantworteten-fragen\/","title":{"rendered":"DER SCHMERZ DER UNBEANTWORTETEN FRAGEN"},"content":{"rendered":"<p style=\"text-align: center;\"><strong>Dienstag, 9. September um 18.00 Uhr<\/strong><\/p>\n<p style=\"text-align: center;\"><strong>DER SCHMERZ DER UNBEANTWORTETEN FRAGEN<\/strong><\/p>\n<p style=\"text-align: center;\">Gespr\u00e4ch<\/p>\n<p style=\"text-align: center;\">Am Welttag der Suizidpr\u00e4vention laden wir Sie zu einem Gespr\u00e4ch mit <strong>Jasna Cajnka, Anja Klan\u010dar<\/strong> und <strong>Matic Vidic<\/strong>. Die Autoren werden ihre Werke vorstellen, in denen sie den Verlust eines geliebten Menschen durch Selbstmord ehrlich beschreiben und ihre Erfahrungen mit der Suche nach Sinn und Kraft nach einer solch schweren Pr\u00fcfung teilen. Die Veranstaltung wird moderiert von<strong> Sa\u0161ka Ocvirk.<\/strong><\/p>\n<p style=\"text-align: center;\">Die Veranstaltung wird von der Celjska Mohorjeva dru\u017eba in Zusammenarbeit mit dem Regionalmuseum Maribor organisiert.<\/p>\n<p style=\"text-align: center;\">(Schlosscaf\u00e9, Eingang vom Platz der Freiheit)<\/p>\n<p>&nbsp;<\/p>\n<p><img fetchpriority=\"high\" decoding=\"async\" class=\"aligncenter size-large wp-image-80346\" src=\"https:\/\/museum-mb.si\/wp-content\/uploads\/2025\/08\/2025-09-09-VABILO-Bolecina-neodgovorjenih-vprasanj-MB_02_pages-to-jpg-0001-min-724x1024.jpg\" alt=\"\" width=\"724\" height=\"1024\" srcset=\"https:\/\/museum-mb.si\/wp-content\/uploads\/2025\/08\/2025-09-09-VABILO-Bolecina-neodgovorjenih-vprasanj-MB_02_pages-to-jpg-0001-min-724x1024.jpg 724w, https:\/\/museum-mb.si\/wp-content\/uploads\/2025\/08\/2025-09-09-VABILO-Bolecina-neodgovorjenih-vprasanj-MB_02_pages-to-jpg-0001-min-212x300.jpg 212w, https:\/\/museum-mb.si\/wp-content\/uploads\/2025\/08\/2025-09-09-VABILO-Bolecina-neodgovorjenih-vprasanj-MB_02_pages-to-jpg-0001-min-768x1086.jpg 768w, https:\/\/museum-mb.si\/wp-content\/uploads\/2025\/08\/2025-09-09-VABILO-Bolecina-neodgovorjenih-vprasanj-MB_02_pages-to-jpg-0001-min-1086x1536.jpg 1086w, https:\/\/museum-mb.si\/wp-content\/uploads\/2025\/08\/2025-09-09-VABILO-Bolecina-neodgovorjenih-vprasanj-MB_02_pages-to-jpg-0001-min-1448x2048.jpg 1448w, https:\/\/museum-mb.si\/wp-content\/uploads\/2025\/08\/2025-09-09-VABILO-Bolecina-neodgovorjenih-vprasanj-MB_02_pages-to-jpg-0001-min-8x12.jpg 8w, https:\/\/museum-mb.si\/wp-content\/uploads\/2025\/08\/2025-09-09-VABILO-Bolecina-neodgovorjenih-vprasanj-MB_02_pages-to-jpg-0001-min-scaled.jpg 1811w\" sizes=\"(max-width: 724px) 100vw, 724px\" \/><\/p>","protected":false},"featured_media":80291,"template":"","vrsta-dogodka":[39],"class_list":["post-80289","dogodki","type-dogodki","status-publish","has-post-thumbnail","hentry","vrsta-dogodka-prihajajoci-dogodki"],"yoast_head":"<!-- This site is optimized with the Yoast SEO plugin v27.5 - https:\/\/yoast.com\/product\/yoast-seo-wordpress\/ -->\n<title>BOLE\u010cINA NEODGOVORJENIH VPRA\u0160ANJ &#8211; Pokrajinski muzej Maribor<\/title>\n<meta name=\"robots\" content=\"index, follow, max-snippet:-1, max-image-preview:large, max-video-preview:-1\" \/>\n<link rel=\"canonical\" href=\"https:\/\/museum-mb.si\/de\/veranstaltungen\/ein-schmerzhaftes-netz-von-unbeantworteten-fragen\/\" \/>\n<meta property=\"og:locale\" content=\"de_DE\" \/>\n<meta property=\"og:type\" content=\"article\" \/>\n<meta property=\"og:title\" content=\"BOLE\u010cINA NEODGOVORJENIH VPRA\u0160ANJ &#8211; Pokrajinski muzej Maribor\" \/>\n<meta property=\"og:description\" content=\"torek, 9. september, ob 18.00 BOLE\u010cINA NEODGOVORJENIH VPRA\u0160ANJ Pogovor Ob svetovnem dnevu prepre\u010devanja samomorov vas vabimo na pogovor z Jasno Cajnko, Anjo Klan\u010dar in Maticem Vidicem. Avtorji bodo predstavili svoja dela, v katerih iskreno opisujejo izgubo bli\u017enjih zaradi samomora in delijo svoje izku\u0161nje iskanja smisla ter mo\u010di po tako te\u017eki preizku\u0161nji. Dogodek bo povezovala urednica [&hellip;]\" \/>\n<meta property=\"og:url\" content=\"https:\/\/museum-mb.si\/de\/veranstaltungen\/ein-schmerzhaftes-netz-von-unbeantworteten-fragen\/\" \/>\n<meta property=\"og:site_name\" content=\"Pokrajinski muzej Maribor\" \/>\n<meta property=\"article:publisher\" content=\"https:\/\/www.facebook.com\/pomum123\" \/>\n<meta property=\"article:modified_time\" content=\"2025-09-08T06:41:15+00:00\" \/>\n<meta property=\"og:image\" content=\"https:\/\/museum-mb.si\/wp-content\/uploads\/2025\/08\/20250909-torek-GK-soocanje-z-izgubo-min.jpg\" \/>\n\t<meta property=\"og:image:width\" content=\"1900\" \/>\n\t<meta property=\"og:image:height\" content=\"900\" \/>\n\t<meta property=\"og:image:type\" content=\"image\/jpeg\" \/>\n<meta name=\"twitter:card\" content=\"summary_large_image\" \/>\n<script type=\"application\/ld+json\" class=\"yoast-schema-graph\">{\"@context\":\"https:\\\/\\\/schema.org\",\"@graph\":[{\"@type\":\"WebPage\",\"@id\":\"https:\\\/\\\/museum-mb.si\\\/dogodki\\\/bolecina-neodgovorjenih-vprasanj\\\/\",\"url\":\"https:\\\/\\\/museum-mb.si\\\/dogodki\\\/bolecina-neodgovorjenih-vprasanj\\\/\",\"name\":\"BOLE\u010cINA NEODGOVORJENIH VPRA\u0160ANJ &#8211; Pokrajinski muzej Maribor\",\"isPartOf\":{\"@id\":\"https:\\\/\\\/museum-mb.si\\\/#website\"},\"primaryImageOfPage\":{\"@id\":\"https:\\\/\\\/museum-mb.si\\\/dogodki\\\/bolecina-neodgovorjenih-vprasanj\\\/#primaryimage\"},\"image\":{\"@id\":\"https:\\\/\\\/museum-mb.si\\\/dogodki\\\/bolecina-neodgovorjenih-vprasanj\\\/#primaryimage\"},\"thumbnailUrl\":\"https:\\\/\\\/museum-mb.si\\\/wp-content\\\/uploads\\\/2025\\\/08\\\/20250909-torek-GK-soocanje-z-izgubo-min.jpg\",\"datePublished\":\"2025-08-29T07:02:24+00:00\",\"dateModified\":\"2025-09-08T06:41:15+00:00\",\"breadcrumb\":{\"@id\":\"https:\\\/\\\/museum-mb.si\\\/dogodki\\\/bolecina-neodgovorjenih-vprasanj\\\/#breadcrumb\"},\"inLanguage\":\"de\",\"potentialAction\":[{\"@type\":\"ReadAction\",\"target\":[\"https:\\\/\\\/museum-mb.si\\\/dogodki\\\/bolecina-neodgovorjenih-vprasanj\\\/\"]}]},{\"@type\":\"ImageObject\",\"inLanguage\":\"de\",\"@id\":\"https:\\\/\\\/museum-mb.si\\\/dogodki\\\/bolecina-neodgovorjenih-vprasanj\\\/#primaryimage\",\"url\":\"https:\\\/\\\/museum-mb.si\\\/wp-content\\\/uploads\\\/2025\\\/08\\\/20250909-torek-GK-soocanje-z-izgubo-min.jpg\",\"contentUrl\":\"https:\\\/\\\/museum-mb.si\\\/wp-content\\\/uploads\\\/2025\\\/08\\\/20250909-torek-GK-soocanje-z-izgubo-min.jpg\",\"width\":1900,\"height\":900},{\"@type\":\"BreadcrumbList\",\"@id\":\"https:\\\/\\\/museum-mb.si\\\/dogodki\\\/bolecina-neodgovorjenih-vprasanj\\\/#breadcrumb\",\"itemListElement\":[{\"@type\":\"ListItem\",\"position\":1,\"name\":\"Domov\",\"item\":\"https:\\\/\\\/museum-mb.si\\\/\"},{\"@type\":\"ListItem\",\"position\":2,\"name\":\"Dogodki\",\"item\":\"https:\\\/\\\/museum-mb.si\\\/dogodki\\\/\"},{\"@type\":\"ListItem\",\"position\":3,\"name\":\"BOLE\u010cINA NEODGOVORJENIH VPRA\u0160ANJ\"}]},{\"@type\":\"WebSite\",\"@id\":\"https:\\\/\\\/museum-mb.si\\\/#website\",\"url\":\"https:\\\/\\\/museum-mb.si\\\/\",\"name\":\"Pokrajinski muzej Maribor\",\"description\":\"\",\"publisher\":{\"@id\":\"https:\\\/\\\/museum-mb.si\\\/#organization\"},\"potentialAction\":[{\"@type\":\"SearchAction\",\"target\":{\"@type\":\"EntryPoint\",\"urlTemplate\":\"https:\\\/\\\/museum-mb.si\\\/?s={search_term_string}\"},\"query-input\":{\"@type\":\"PropertyValueSpecification\",\"valueRequired\":true,\"valueName\":\"search_term_string\"}}],\"inLanguage\":\"de\"},{\"@type\":\"Organization\",\"@id\":\"https:\\\/\\\/museum-mb.si\\\/#organization\",\"name\":\"Pokrajinski muzej Maribor\",\"url\":\"https:\\\/\\\/museum-mb.si\\\/\",\"logo\":{\"@type\":\"ImageObject\",\"inLanguage\":\"de\",\"@id\":\"https:\\\/\\\/museum-mb.si\\\/#\\\/schema\\\/logo\\\/image\\\/\",\"url\":\"https:\\\/\\\/museum-mb.si\\\/wp-content\\\/uploads\\\/2024\\\/12\\\/pmm_logo_barvni_jpeg.jpg\",\"contentUrl\":\"https:\\\/\\\/museum-mb.si\\\/wp-content\\\/uploads\\\/2024\\\/12\\\/pmm_logo_barvni_jpeg.jpg\",\"width\":758,\"height\":754,\"caption\":\"Pokrajinski muzej Maribor\"},\"image\":{\"@id\":\"https:\\\/\\\/museum-mb.si\\\/#\\\/schema\\\/logo\\\/image\\\/\"},\"sameAs\":[\"https:\\\/\\\/www.facebook.com\\\/pomum123\",\"https:\\\/\\\/www.instagram.com\\\/maribor_museum\\\/\",\"https:\\\/\\\/www.youtube.com\\\/channel\\\/UCdshtCrun841Oc-35tYLBGQ\"]}]}<\/script>\n<!-- \/ Yoast SEO plugin. -->","yoast_head_json":{"title":"BOLE\u010cINA NEODGOVORJENIH VPRA\u0160ANJ &#8211; Pokrajinski muzej Maribor","robots":{"index":"index","follow":"follow","max-snippet":"max-snippet:-1","max-image-preview":"max-image-preview:large","max-video-preview":"max-video-preview:-1"},"canonical":"https:\/\/museum-mb.si\/de\/veranstaltungen\/ein-schmerzhaftes-netz-von-unbeantworteten-fragen\/","og_locale":"de_DE","og_type":"article","og_title":"BOLE\u010cINA NEODGOVORJENIH VPRA\u0160ANJ &#8211; Pokrajinski muzej Maribor","og_description":"torek, 9. september, ob 18.00 BOLE\u010cINA NEODGOVORJENIH VPRA\u0160ANJ Pogovor Ob svetovnem dnevu prepre\u010devanja samomorov vas vabimo na pogovor z Jasno Cajnko, Anjo Klan\u010dar in Maticem Vidicem. Avtorji bodo predstavili svoja dela, v katerih iskreno opisujejo izgubo bli\u017enjih zaradi samomora in delijo svoje izku\u0161nje iskanja smisla ter mo\u010di po tako te\u017eki preizku\u0161nji. Dogodek bo povezovala urednica [&hellip;]","og_url":"https:\/\/museum-mb.si\/de\/veranstaltungen\/ein-schmerzhaftes-netz-von-unbeantworteten-fragen\/","og_site_name":"Pokrajinski muzej Maribor","article_publisher":"https:\/\/www.facebook.com\/pomum123","article_modified_time":"2025-09-08T06:41:15+00:00","og_image":[{"width":1900,"height":900,"url":"https:\/\/museum-mb.si\/wp-content\/uploads\/2025\/08\/20250909-torek-GK-soocanje-z-izgubo-min.jpg","type":"image\/jpeg"}],"twitter_card":"summary_large_image","schema":{"@context":"https:\/\/schema.org","@graph":[{"@type":"WebPage","@id":"https:\/\/museum-mb.si\/dogodki\/bolecina-neodgovorjenih-vprasanj\/","url":"https:\/\/museum-mb.si\/dogodki\/bolecina-neodgovorjenih-vprasanj\/","name":"BOLE\u010cINA NEODGOVORJENIH VPRA\u0160ANJ &#8211; Pokrajinski muzej Maribor","isPartOf":{"@id":"https:\/\/museum-mb.si\/#website"},"primaryImageOfPage":{"@id":"https:\/\/museum-mb.si\/dogodki\/bolecina-neodgovorjenih-vprasanj\/#primaryimage"},"image":{"@id":"https:\/\/museum-mb.si\/dogodki\/bolecina-neodgovorjenih-vprasanj\/#primaryimage"},"thumbnailUrl":"https:\/\/museum-mb.si\/wp-content\/uploads\/2025\/08\/20250909-torek-GK-soocanje-z-izgubo-min.jpg","datePublished":"2025-08-29T07:02:24+00:00","dateModified":"2025-09-08T06:41:15+00:00","breadcrumb":{"@id":"https:\/\/museum-mb.si\/dogodki\/bolecina-neodgovorjenih-vprasanj\/#breadcrumb"},"inLanguage":"de","potentialAction":[{"@type":"ReadAction","target":["https:\/\/museum-mb.si\/dogodki\/bolecina-neodgovorjenih-vprasanj\/"]}]},{"@type":"ImageObject","inLanguage":"de","@id":"https:\/\/museum-mb.si\/dogodki\/bolecina-neodgovorjenih-vprasanj\/#primaryimage","url":"https:\/\/museum-mb.si\/wp-content\/uploads\/2025\/08\/20250909-torek-GK-soocanje-z-izgubo-min.jpg","contentUrl":"https:\/\/museum-mb.si\/wp-content\/uploads\/2025\/08\/20250909-torek-GK-soocanje-z-izgubo-min.jpg","width":1900,"height":900},{"@type":"BreadcrumbList","@id":"https:\/\/museum-mb.si\/dogodki\/bolecina-neodgovorjenih-vprasanj\/#breadcrumb","itemListElement":[{"@type":"ListItem","position":1,"name":"Domov","item":"https:\/\/museum-mb.si\/"},{"@type":"ListItem","position":2,"name":"Dogodki","item":"https:\/\/museum-mb.si\/dogodki\/"},{"@type":"ListItem","position":3,"name":"BOLE\u010cINA NEODGOVORJENIH VPRA\u0160ANJ"}]},{"@type":"WebSite","@id":"https:\/\/museum-mb.si\/#website","url":"https:\/\/museum-mb.si\/","name":"Regionalmuseum Maribor","description":"","publisher":{"@id":"https:\/\/museum-mb.si\/#organization"},"potentialAction":[{"@type":"SearchAction","target":{"@type":"EntryPoint","urlTemplate":"https:\/\/museum-mb.si\/?s={search_term_string}"},"query-input":{"@type":"PropertyValueSpecification","valueRequired":true,"valueName":"search_term_string"}}],"inLanguage":"de"},{"@type":"Organization","@id":"https:\/\/museum-mb.si\/#organization","name":"Regionalmuseum Maribor","url":"https:\/\/museum-mb.si\/","logo":{"@type":"ImageObject","inLanguage":"de","@id":"https:\/\/museum-mb.si\/#\/schema\/logo\/image\/","url":"https:\/\/museum-mb.si\/wp-content\/uploads\/2024\/12\/pmm_logo_barvni_jpeg.jpg","contentUrl":"https:\/\/museum-mb.si\/wp-content\/uploads\/2024\/12\/pmm_logo_barvni_jpeg.jpg","width":758,"height":754,"caption":"Pokrajinski muzej Maribor"},"image":{"@id":"https:\/\/museum-mb.si\/#\/schema\/logo\/image\/"},"sameAs":["https:\/\/www.facebook.com\/pomum123","https:\/\/www.instagram.com\/maribor_museum\/","https:\/\/www.youtube.com\/channel\/UCdshtCrun841Oc-35tYLBGQ"]}]}},"_links":{"self":[{"href":"https:\/\/museum-mb.si\/de\/wp-json\/wp\/v2\/dogodki\/80289","targetHints":{"allow":["GET"]}}],"collection":[{"href":"https:\/\/museum-mb.si\/de\/wp-json\/wp\/v2\/dogodki"}],"about":[{"href":"https:\/\/museum-mb.si\/de\/wp-json\/wp\/v2\/types\/dogodki"}],"version-history":[{"count":7,"href":"https:\/\/museum-mb.si\/de\/wp-json\/wp\/v2\/dogodki\/80289\/revisions"}],"predecessor-version":[{"id":80610,"href":"https:\/\/museum-mb.si\/de\/wp-json\/wp\/v2\/dogodki\/80289\/revisions\/80610"}],"wp:featuredmedia":[{"embeddable":true,"href":"https:\/\/museum-mb.si\/de\/wp-json\/wp\/v2\/media\/80291"}],"wp:attachment":[{"href":"https:\/\/museum-mb.si\/de\/wp-json\/wp\/v2\/media?parent=80289"}],"wp:term":[{"taxonomy":"vrsta-dogodka","embeddable":true,"href":"https:\/\/museum-mb.si\/de\/wp-json\/wp\/v2\/vrsta-dogodka?post=80289"}],"curies":[{"name":"wp","href":"https:\/\/api.w.org\/{rel}","templated":true}]}}