{"id":79613,"date":"2025-04-29T11:43:19","date_gmt":"2025-04-29T10:43:19","guid":{"rendered":"https:\/\/museum-mb.si\/?post_type=dogodki&#038;p=79613"},"modified":"2025-05-14T08:00:14","modified_gmt":"2025-05-14T07:00:14","slug":"mode-magazin-80er-party","status":"publish","type":"dogodki","link":"https:\/\/museum-mb.si\/de\/veranstaltungen\/mode-magazin-80er-party\/","title":{"rendered":"FASHION SHOW &amp; 80er Jahre PARTY"},"content":{"rendered":"<div data-elementor-type=\"wp-post\" data-elementor-id=\"79613\" class=\"elementor elementor-79613\" data-elementor-post-type=\"dogodki\">\n\t\t\t\t<div class=\"elementor-element elementor-element-b6530a6 e-flex e-con-boxed e-con e-parent\" data-id=\"b6530a6\" data-element_type=\"container\" data-settings=\"{&quot;jet_parallax_layout_list&quot;:[]}\">\n\t\t\t\t\t<div class=\"e-con-inner\">\n\t\t\t\t<div class=\"elementor-element elementor-element-69e493b elementor-widget elementor-widget-text-editor\" data-id=\"69e493b\" data-element_type=\"widget\" data-widget_type=\"text-editor.default\">\n\t\t\t\t<div class=\"elementor-widget-container\">\n\t\t\t\t\t\t\t\t\t<p>\u00a0<\/p><p style=\"text-align: center;\"><strong>Donnerstag, 29. Mai 2025, 20.00 Uhr, Schlosshof <\/strong><\/p><p style=\"text-align: center;\"><strong><u>FASHION SHOW mit musikalischen G\u00e4sten<\/u><\/strong><\/p><p style=\"text-align: center;\"><strong><u>Party im Stil der 1980er Jahre<\/u><\/strong><\/p><p style=\"text-align: center;\">Die Modenschau wird Kollektionen etablierter slowenischer Modedesigner pr\u00e4sentieren, die auch Kreationen f\u00fcr Musikk\u00fcnstler entwerfen. Das Zusammenspiel von Musik und Mode wird die Grenzen zwischen den beiden kreativen Bereichen verwischen, die eine Symbiose bilden, da die Musik die Mode inspiriert und die Mode zu einer visuellen Darstellung der Musikkultur wird.<\/p><p style=\"text-align: center;\"><strong>Teilnehmer:<\/strong><\/p><p style=\"text-align: center;\">Anja Medle, Aemona, Timotej Bistan, Ur\u0161a Drofenik, Patricia Pie, Miricota<\/p><p style=\"text-align: center;\"><strong>Musikalische G\u00e4ste:<\/strong><\/p><p style=\"text-align: center;\">Nu\u0161a Derenda, Bilbi, Ur\u0161ka Edina, Ani Frece, Ema Flora Lotri\u010d<\/p><p>\u00a0<\/p><p style=\"text-align: center;\"><strong><u>um 21.00 Uhr, Schlosshof<\/u><\/strong><\/p><p style=\"text-align: center;\"><strong>80er Jahre PARTY <\/strong><\/p><p style=\"text-align: center;\">Den Abschluss des Modemonats im Museum bildet eine Party mit Musik aus den 1980er Jahren.<\/p>\t\t\t\t\t\t\t\t<\/div>\n\t\t\t\t<\/div>\n\t\t<div class=\"elementor-element elementor-element-6ece8af e-con-full e-flex e-con e-child\" data-id=\"6ece8af\" data-element_type=\"container\" data-settings=\"{&quot;jet_parallax_layout_list&quot;:[]}\">\n\t\t\t\t<div class=\"elementor-element elementor-element-4fd64c9 elementor-widget elementor-widget-image\" data-id=\"4fd64c9\" data-element_type=\"widget\" data-widget_type=\"image.default\">\n\t\t\t\t<div class=\"elementor-widget-container\">\n\t\t\t\t\t\t\t\t\t\t\t\t\t\t\t<img fetchpriority=\"high\" decoding=\"async\" width=\"2560\" height=\"1816\" src=\"https:\/\/museum-mb.si\/wp-content\/uploads\/2025\/04\/MM25-programski-list-04-29.-5.-2025-Modna-revija-in-80s-party-min-scaled.jpg\" class=\"attachment-full size-full wp-image-79973\" alt=\"\" srcset=\"https:\/\/museum-mb.si\/wp-content\/uploads\/2025\/04\/MM25-programski-list-04-29.-5.-2025-Modna-revija-in-80s-party-min-scaled.jpg 2560w, https:\/\/museum-mb.si\/wp-content\/uploads\/2025\/04\/MM25-programski-list-04-29.-5.-2025-Modna-revija-in-80s-party-min-300x213.jpg 300w, https:\/\/museum-mb.si\/wp-content\/uploads\/2025\/04\/MM25-programski-list-04-29.-5.-2025-Modna-revija-in-80s-party-min-1024x726.jpg 1024w, https:\/\/museum-mb.si\/wp-content\/uploads\/2025\/04\/MM25-programski-list-04-29.-5.-2025-Modna-revija-in-80s-party-min-768x545.jpg 768w, https:\/\/museum-mb.si\/wp-content\/uploads\/2025\/04\/MM25-programski-list-04-29.-5.-2025-Modna-revija-in-80s-party-min-1536x1090.jpg 1536w, https:\/\/museum-mb.si\/wp-content\/uploads\/2025\/04\/MM25-programski-list-04-29.-5.-2025-Modna-revija-in-80s-party-min-2048x1453.jpg 2048w, https:\/\/museum-mb.si\/wp-content\/uploads\/2025\/04\/MM25-programski-list-04-29.-5.-2025-Modna-revija-in-80s-party-min-18x12.jpg 18w\" sizes=\"(max-width: 2560px) 100vw, 2560px\" \/>\t\t\t\t\t\t\t\t\t\t\t\t\t\t\t<\/div>\n\t\t\t\t<\/div>\n\t\t\t\t<\/div>\n\t\t\t\t\t<\/div>\n\t\t\t\t<\/div>\n\t\t\t\t<\/div>","protected":false},"featured_media":79586,"template":"","vrsta-dogodka":[39],"class_list":["post-79613","dogodki","type-dogodki","status-publish","has-post-thumbnail","hentry","vrsta-dogodka-prihajajoci-dogodki"],"yoast_head":"<!-- This site is optimized with the Yoast SEO plugin v27.5 - https:\/\/yoast.com\/product\/yoast-seo-wordpress\/ -->\n<title>MODNA REVIJA &amp; &#039;80s PARTY &#8211; Pokrajinski muzej Maribor<\/title>\n<meta name=\"robots\" content=\"index, follow, max-snippet:-1, max-image-preview:large, max-video-preview:-1\" \/>\n<link rel=\"canonical\" href=\"https:\/\/museum-mb.si\/de\/veranstaltungen\/mode-magazin-80er-party\/\" \/>\n<meta property=\"og:locale\" content=\"de_DE\" \/>\n<meta property=\"og:type\" content=\"article\" \/>\n<meta property=\"og:title\" content=\"MODNA REVIJA &amp; &#039;80s PARTY &#8211; Pokrajinski muzej Maribor\" \/>\n<meta property=\"og:description\" content=\"\u00a0 \u010cetrtek, 29. 5. 2025 ob 20.00, grajsko dvori\u0161\u010de MODNA REVIJA z glasbenimi gosti Zabava v stilu 80. let 20. stoletja Na modni reviji se bodo s svojimi kolekcijami predstavili uveljavljeni slovenski modni oblikovalci, ki ustvarjajo tudi kreacije za glasbene izvajalce. S prepletom glasbe in mode se bodo zabrisale meje med obema ustvarjalnima podro\u010djema, ki [&hellip;]\" \/>\n<meta property=\"og:url\" content=\"https:\/\/museum-mb.si\/de\/veranstaltungen\/mode-magazin-80er-party\/\" \/>\n<meta property=\"og:site_name\" content=\"Pokrajinski muzej Maribor\" \/>\n<meta property=\"article:publisher\" content=\"https:\/\/www.facebook.com\/pomum123\" \/>\n<meta property=\"article:modified_time\" content=\"2025-05-14T07:00:14+00:00\" \/>\n<meta property=\"og:image\" content=\"https:\/\/museum-mb.si\/wp-content\/uploads\/2025\/04\/KLAVIR-SLIDER-min.jpg\" \/>\n\t<meta property=\"og:image:width\" content=\"1900\" \/>\n\t<meta property=\"og:image:height\" content=\"900\" \/>\n\t<meta property=\"og:image:type\" content=\"image\/jpeg\" \/>\n<meta name=\"twitter:card\" content=\"summary_large_image\" \/>\n<meta name=\"twitter:label1\" content=\"Gesch\u00e4tzte Lesezeit\" \/>\n\t<meta name=\"twitter:data1\" content=\"1\u00a0Minute\" \/>\n<script type=\"application\/ld+json\" class=\"yoast-schema-graph\">{\"@context\":\"https:\\\/\\\/schema.org\",\"@graph\":[{\"@type\":\"WebPage\",\"@id\":\"https:\\\/\\\/museum-mb.si\\\/dogodki\\\/modna-revija-80s-party\\\/\",\"url\":\"https:\\\/\\\/museum-mb.si\\\/dogodki\\\/modna-revija-80s-party\\\/\",\"name\":\"MODNA REVIJA & '80s PARTY &#8211; Pokrajinski muzej Maribor\",\"isPartOf\":{\"@id\":\"https:\\\/\\\/museum-mb.si\\\/#website\"},\"primaryImageOfPage\":{\"@id\":\"https:\\\/\\\/museum-mb.si\\\/dogodki\\\/modna-revija-80s-party\\\/#primaryimage\"},\"image\":{\"@id\":\"https:\\\/\\\/museum-mb.si\\\/dogodki\\\/modna-revija-80s-party\\\/#primaryimage\"},\"thumbnailUrl\":\"https:\\\/\\\/museum-mb.si\\\/wp-content\\\/uploads\\\/2025\\\/04\\\/KLAVIR-SLIDER-min.jpg\",\"datePublished\":\"2025-04-29T10:43:19+00:00\",\"dateModified\":\"2025-05-14T07:00:14+00:00\",\"breadcrumb\":{\"@id\":\"https:\\\/\\\/museum-mb.si\\\/dogodki\\\/modna-revija-80s-party\\\/#breadcrumb\"},\"inLanguage\":\"de\",\"potentialAction\":[{\"@type\":\"ReadAction\",\"target\":[\"https:\\\/\\\/museum-mb.si\\\/dogodki\\\/modna-revija-80s-party\\\/\"]}]},{\"@type\":\"ImageObject\",\"inLanguage\":\"de\",\"@id\":\"https:\\\/\\\/museum-mb.si\\\/dogodki\\\/modna-revija-80s-party\\\/#primaryimage\",\"url\":\"https:\\\/\\\/museum-mb.si\\\/wp-content\\\/uploads\\\/2025\\\/04\\\/KLAVIR-SLIDER-min.jpg\",\"contentUrl\":\"https:\\\/\\\/museum-mb.si\\\/wp-content\\\/uploads\\\/2025\\\/04\\\/KLAVIR-SLIDER-min.jpg\",\"width\":1900,\"height\":900,\"caption\":\"PROGRAM MESECA MODE V MUZEJU 2025 MODA IN GLASBA\"},{\"@type\":\"BreadcrumbList\",\"@id\":\"https:\\\/\\\/museum-mb.si\\\/dogodki\\\/modna-revija-80s-party\\\/#breadcrumb\",\"itemListElement\":[{\"@type\":\"ListItem\",\"position\":1,\"name\":\"Domov\",\"item\":\"https:\\\/\\\/museum-mb.si\\\/\"},{\"@type\":\"ListItem\",\"position\":2,\"name\":\"Dogodki\",\"item\":\"https:\\\/\\\/museum-mb.si\\\/dogodki\\\/\"},{\"@type\":\"ListItem\",\"position\":3,\"name\":\"MODNA REVIJA &#038; &#8217;80s PARTY\"}]},{\"@type\":\"WebSite\",\"@id\":\"https:\\\/\\\/museum-mb.si\\\/#website\",\"url\":\"https:\\\/\\\/museum-mb.si\\\/\",\"name\":\"Pokrajinski muzej Maribor\",\"description\":\"\",\"publisher\":{\"@id\":\"https:\\\/\\\/museum-mb.si\\\/#organization\"},\"potentialAction\":[{\"@type\":\"SearchAction\",\"target\":{\"@type\":\"EntryPoint\",\"urlTemplate\":\"https:\\\/\\\/museum-mb.si\\\/?s={search_term_string}\"},\"query-input\":{\"@type\":\"PropertyValueSpecification\",\"valueRequired\":true,\"valueName\":\"search_term_string\"}}],\"inLanguage\":\"de\"},{\"@type\":\"Organization\",\"@id\":\"https:\\\/\\\/museum-mb.si\\\/#organization\",\"name\":\"Pokrajinski muzej Maribor\",\"url\":\"https:\\\/\\\/museum-mb.si\\\/\",\"logo\":{\"@type\":\"ImageObject\",\"inLanguage\":\"de\",\"@id\":\"https:\\\/\\\/museum-mb.si\\\/#\\\/schema\\\/logo\\\/image\\\/\",\"url\":\"https:\\\/\\\/museum-mb.si\\\/wp-content\\\/uploads\\\/2024\\\/12\\\/pmm_logo_barvni_jpeg.jpg\",\"contentUrl\":\"https:\\\/\\\/museum-mb.si\\\/wp-content\\\/uploads\\\/2024\\\/12\\\/pmm_logo_barvni_jpeg.jpg\",\"width\":758,\"height\":754,\"caption\":\"Pokrajinski muzej Maribor\"},\"image\":{\"@id\":\"https:\\\/\\\/museum-mb.si\\\/#\\\/schema\\\/logo\\\/image\\\/\"},\"sameAs\":[\"https:\\\/\\\/www.facebook.com\\\/pomum123\",\"https:\\\/\\\/www.instagram.com\\\/maribor_museum\\\/\",\"https:\\\/\\\/www.youtube.com\\\/channel\\\/UCdshtCrun841Oc-35tYLBGQ\"]}]}<\/script>\n<!-- \/ Yoast SEO plugin. -->","yoast_head_json":{"title":"FASHION REVIEW &amp; 80er Jahre PARTY - Regionalmuseum Maribor","robots":{"index":"index","follow":"follow","max-snippet":"max-snippet:-1","max-image-preview":"max-image-preview:large","max-video-preview":"max-video-preview:-1"},"canonical":"https:\/\/museum-mb.si\/de\/veranstaltungen\/mode-magazin-80er-party\/","og_locale":"de_DE","og_type":"article","og_title":"MODNA REVIJA & '80s PARTY &#8211; Pokrajinski muzej Maribor","og_description":"\u00a0 \u010cetrtek, 29. 5. 2025 ob 20.00, grajsko dvori\u0161\u010de MODNA REVIJA z glasbenimi gosti Zabava v stilu 80. let 20. stoletja Na modni reviji se bodo s svojimi kolekcijami predstavili uveljavljeni slovenski modni oblikovalci, ki ustvarjajo tudi kreacije za glasbene izvajalce. S prepletom glasbe in mode se bodo zabrisale meje med obema ustvarjalnima podro\u010djema, ki [&hellip;]","og_url":"https:\/\/museum-mb.si\/de\/veranstaltungen\/mode-magazin-80er-party\/","og_site_name":"Pokrajinski muzej Maribor","article_publisher":"https:\/\/www.facebook.com\/pomum123","article_modified_time":"2025-05-14T07:00:14+00:00","og_image":[{"width":1900,"height":900,"url":"https:\/\/museum-mb.si\/wp-content\/uploads\/2025\/04\/KLAVIR-SLIDER-min.jpg","type":"image\/jpeg"}],"twitter_card":"summary_large_image","twitter_misc":{"Gesch\u00e4tzte Lesezeit":"1\u00a0Minute"},"schema":{"@context":"https:\/\/schema.org","@graph":[{"@type":"WebPage","@id":"https:\/\/museum-mb.si\/dogodki\/modna-revija-80s-party\/","url":"https:\/\/museum-mb.si\/dogodki\/modna-revija-80s-party\/","name":"FASHION REVIEW &amp; 80er Jahre PARTY - Regionalmuseum Maribor","isPartOf":{"@id":"https:\/\/museum-mb.si\/#website"},"primaryImageOfPage":{"@id":"https:\/\/museum-mb.si\/dogodki\/modna-revija-80s-party\/#primaryimage"},"image":{"@id":"https:\/\/museum-mb.si\/dogodki\/modna-revija-80s-party\/#primaryimage"},"thumbnailUrl":"https:\/\/museum-mb.si\/wp-content\/uploads\/2025\/04\/KLAVIR-SLIDER-min.jpg","datePublished":"2025-04-29T10:43:19+00:00","dateModified":"2025-05-14T07:00:14+00:00","breadcrumb":{"@id":"https:\/\/museum-mb.si\/dogodki\/modna-revija-80s-party\/#breadcrumb"},"inLanguage":"de","potentialAction":[{"@type":"ReadAction","target":["https:\/\/museum-mb.si\/dogodki\/modna-revija-80s-party\/"]}]},{"@type":"ImageObject","inLanguage":"de","@id":"https:\/\/museum-mb.si\/dogodki\/modna-revija-80s-party\/#primaryimage","url":"https:\/\/museum-mb.si\/wp-content\/uploads\/2025\/04\/KLAVIR-SLIDER-min.jpg","contentUrl":"https:\/\/museum-mb.si\/wp-content\/uploads\/2025\/04\/KLAVIR-SLIDER-min.jpg","width":1900,"height":900,"caption":"PROGRAM MESECA MODE V MUZEJU 2025 MODA IN GLASBA"},{"@type":"BreadcrumbList","@id":"https:\/\/museum-mb.si\/dogodki\/modna-revija-80s-party\/#breadcrumb","itemListElement":[{"@type":"ListItem","position":1,"name":"Domov","item":"https:\/\/museum-mb.si\/"},{"@type":"ListItem","position":2,"name":"Dogodki","item":"https:\/\/museum-mb.si\/dogodki\/"},{"@type":"ListItem","position":3,"name":"MODNA REVIJA &#038; &#8217;80s PARTY"}]},{"@type":"WebSite","@id":"https:\/\/museum-mb.si\/#website","url":"https:\/\/museum-mb.si\/","name":"Regionalmuseum Maribor","description":"","publisher":{"@id":"https:\/\/museum-mb.si\/#organization"},"potentialAction":[{"@type":"SearchAction","target":{"@type":"EntryPoint","urlTemplate":"https:\/\/museum-mb.si\/?s={search_term_string}"},"query-input":{"@type":"PropertyValueSpecification","valueRequired":true,"valueName":"search_term_string"}}],"inLanguage":"de"},{"@type":"Organization","@id":"https:\/\/museum-mb.si\/#organization","name":"Regionalmuseum Maribor","url":"https:\/\/museum-mb.si\/","logo":{"@type":"ImageObject","inLanguage":"de","@id":"https:\/\/museum-mb.si\/#\/schema\/logo\/image\/","url":"https:\/\/museum-mb.si\/wp-content\/uploads\/2024\/12\/pmm_logo_barvni_jpeg.jpg","contentUrl":"https:\/\/museum-mb.si\/wp-content\/uploads\/2024\/12\/pmm_logo_barvni_jpeg.jpg","width":758,"height":754,"caption":"Pokrajinski muzej Maribor"},"image":{"@id":"https:\/\/museum-mb.si\/#\/schema\/logo\/image\/"},"sameAs":["https:\/\/www.facebook.com\/pomum123","https:\/\/www.instagram.com\/maribor_museum\/","https:\/\/www.youtube.com\/channel\/UCdshtCrun841Oc-35tYLBGQ"]}]}},"_links":{"self":[{"href":"https:\/\/museum-mb.si\/de\/wp-json\/wp\/v2\/dogodki\/79613","targetHints":{"allow":["GET"]}}],"collection":[{"href":"https:\/\/museum-mb.si\/de\/wp-json\/wp\/v2\/dogodki"}],"about":[{"href":"https:\/\/museum-mb.si\/de\/wp-json\/wp\/v2\/types\/dogodki"}],"version-history":[{"count":6,"href":"https:\/\/museum-mb.si\/de\/wp-json\/wp\/v2\/dogodki\/79613\/revisions"}],"predecessor-version":[{"id":79976,"href":"https:\/\/museum-mb.si\/de\/wp-json\/wp\/v2\/dogodki\/79613\/revisions\/79976"}],"wp:featuredmedia":[{"embeddable":true,"href":"https:\/\/museum-mb.si\/de\/wp-json\/wp\/v2\/media\/79586"}],"wp:attachment":[{"href":"https:\/\/museum-mb.si\/de\/wp-json\/wp\/v2\/media?parent=79613"}],"wp:term":[{"taxonomy":"vrsta-dogodka","embeddable":true,"href":"https:\/\/museum-mb.si\/de\/wp-json\/wp\/v2\/vrsta-dogodka?post=79613"}],"curies":[{"name":"wp","href":"https:\/\/api.w.org\/{rel}","templated":true}]}}