{"id":79486,"date":"2025-03-27T11:04:25","date_gmt":"2025-03-27T10:04:25","guid":{"rendered":"https:\/\/museum-mb.si\/?post_type=dogodki&#038;p=79486"},"modified":"2025-03-27T11:05:48","modified_gmt":"2025-03-27T10:05:48","slug":"essence-withis-this-toss","status":"publish","type":"dogodki","link":"https:\/\/museum-mb.si\/de\/veranstaltungen\/essence-withis-this-toss\/","title":{"rendered":"ESSENZ MIT TADEI TO\u0160"},"content":{"rendered":"<p style=\"text-align: center;\"><strong>Mittwoch, 9. April um 18.00 Uhr<\/strong><\/p>\n<p style=\"text-align: center;\"><strong>ESSENZ MIT TADEI TO\u0160<\/strong><\/p>\n<p style=\"text-align: center;\">Gespr\u00e4ch<\/p>\n<p style=\"text-align: center;\">Ausgangspunkt des Gespr\u00e4chs mit dem Schauspieler Tadejo Tosh wird das ber\u00fchmte Gedicht Bhadavad Gita sein,<br \/>\nwird sich daher um die grundlegenden Fragen des Lebens, das Wesen des Seins und die Herausforderungen, die das Leben mit sich bringt, drehen. Mojca Simoni\u010d wird das Gespr\u00e4ch moderieren, das tief unter die Oberfl\u00e4che des oberfl\u00e4chlichen Alltags gehen wird.<\/p>\n<p style=\"text-align: center;\">(Schlosscaf\u00e9, Eingang vom Platz der Freiheit)<\/p>\n<p>&nbsp;<\/p>","protected":false},"featured_media":79487,"template":"","vrsta-dogodka":[39],"class_list":["post-79486","dogodki","type-dogodki","status-publish","has-post-thumbnail","hentry","vrsta-dogodka-prihajajoci-dogodki"],"yoast_head":"<!-- This site is optimized with the Yoast SEO plugin v27.5 - https:\/\/yoast.com\/product\/yoast-seo-wordpress\/ -->\n<title>ESENCA S TADEJEM TO\u0160EM &#8211; Pokrajinski muzej Maribor<\/title>\n<meta name=\"robots\" content=\"index, follow, max-snippet:-1, max-image-preview:large, max-video-preview:-1\" \/>\n<link rel=\"canonical\" href=\"https:\/\/museum-mb.si\/de\/veranstaltungen\/essence-withis-this-toss\/\" \/>\n<meta property=\"og:locale\" content=\"de_DE\" \/>\n<meta property=\"og:type\" content=\"article\" \/>\n<meta property=\"og:title\" content=\"ESENCA S TADEJEM TO\u0160EM &#8211; Pokrajinski muzej Maribor\" \/>\n<meta property=\"og:description\" content=\"sreda, 9. april, ob 18.00 ESENCA S TADEJEM TO\u0160EM Pogovor Izhodi\u0161\u010de pogovora z igralcem Tadejem To\u0161em bo znana pesnitev Bhadavad Gita, zato bo beseda tekla o temeljnih vpra\u0161anjih \u017eivljenja, o bistvu bivanja in izzivih, ki jih prina\u0161a \u017eivljenje.\u00a0Pogovor, ki bo segal globo pod povr\u0161ino povr\u0161nega vsakdana, bo vodila Mojca Simoni\u010d. (Grajska kavarna, vhod s Trga [&hellip;]\" \/>\n<meta property=\"og:url\" content=\"https:\/\/museum-mb.si\/de\/veranstaltungen\/essence-withis-this-toss\/\" \/>\n<meta property=\"og:site_name\" content=\"Pokrajinski muzej Maribor\" \/>\n<meta property=\"article:publisher\" content=\"https:\/\/www.facebook.com\/pomum123\" \/>\n<meta property=\"article:modified_time\" content=\"2025-03-27T10:05:48+00:00\" \/>\n<meta property=\"og:image\" content=\"https:\/\/museum-mb.si\/wp-content\/uploads\/2025\/03\/TADEJ-TOS-DOGODKI-SLIDER-min.jpg\" \/>\n\t<meta property=\"og:image:width\" content=\"1900\" \/>\n\t<meta property=\"og:image:height\" content=\"900\" \/>\n\t<meta property=\"og:image:type\" content=\"image\/jpeg\" \/>\n<meta name=\"twitter:card\" content=\"summary_large_image\" \/>\n<script type=\"application\/ld+json\" class=\"yoast-schema-graph\">{\"@context\":\"https:\\\/\\\/schema.org\",\"@graph\":[{\"@type\":\"WebPage\",\"@id\":\"https:\\\/\\\/museum-mb.si\\\/dogodki\\\/esenca-s-tadejem-tosem\\\/\",\"url\":\"https:\\\/\\\/museum-mb.si\\\/dogodki\\\/esenca-s-tadejem-tosem\\\/\",\"name\":\"ESENCA S TADEJEM TO\u0160EM &#8211; Pokrajinski muzej Maribor\",\"isPartOf\":{\"@id\":\"https:\\\/\\\/museum-mb.si\\\/#website\"},\"primaryImageOfPage\":{\"@id\":\"https:\\\/\\\/museum-mb.si\\\/dogodki\\\/esenca-s-tadejem-tosem\\\/#primaryimage\"},\"image\":{\"@id\":\"https:\\\/\\\/museum-mb.si\\\/dogodki\\\/esenca-s-tadejem-tosem\\\/#primaryimage\"},\"thumbnailUrl\":\"https:\\\/\\\/museum-mb.si\\\/wp-content\\\/uploads\\\/2025\\\/03\\\/TADEJ-TOS-DOGODKI-SLIDER-min.jpg\",\"datePublished\":\"2025-03-27T10:04:25+00:00\",\"dateModified\":\"2025-03-27T10:05:48+00:00\",\"breadcrumb\":{\"@id\":\"https:\\\/\\\/museum-mb.si\\\/dogodki\\\/esenca-s-tadejem-tosem\\\/#breadcrumb\"},\"inLanguage\":\"de\",\"potentialAction\":[{\"@type\":\"ReadAction\",\"target\":[\"https:\\\/\\\/museum-mb.si\\\/dogodki\\\/esenca-s-tadejem-tosem\\\/\"]}]},{\"@type\":\"ImageObject\",\"inLanguage\":\"de\",\"@id\":\"https:\\\/\\\/museum-mb.si\\\/dogodki\\\/esenca-s-tadejem-tosem\\\/#primaryimage\",\"url\":\"https:\\\/\\\/museum-mb.si\\\/wp-content\\\/uploads\\\/2025\\\/03\\\/TADEJ-TOS-DOGODKI-SLIDER-min.jpg\",\"contentUrl\":\"https:\\\/\\\/museum-mb.si\\\/wp-content\\\/uploads\\\/2025\\\/03\\\/TADEJ-TOS-DOGODKI-SLIDER-min.jpg\",\"width\":1900,\"height\":900},{\"@type\":\"BreadcrumbList\",\"@id\":\"https:\\\/\\\/museum-mb.si\\\/dogodki\\\/esenca-s-tadejem-tosem\\\/#breadcrumb\",\"itemListElement\":[{\"@type\":\"ListItem\",\"position\":1,\"name\":\"Domov\",\"item\":\"https:\\\/\\\/museum-mb.si\\\/\"},{\"@type\":\"ListItem\",\"position\":2,\"name\":\"Dogodki\",\"item\":\"https:\\\/\\\/museum-mb.si\\\/dogodki\\\/\"},{\"@type\":\"ListItem\",\"position\":3,\"name\":\"ESENCA S TADEJEM TO\u0160EM\"}]},{\"@type\":\"WebSite\",\"@id\":\"https:\\\/\\\/museum-mb.si\\\/#website\",\"url\":\"https:\\\/\\\/museum-mb.si\\\/\",\"name\":\"Pokrajinski muzej Maribor\",\"description\":\"\",\"publisher\":{\"@id\":\"https:\\\/\\\/museum-mb.si\\\/#organization\"},\"potentialAction\":[{\"@type\":\"SearchAction\",\"target\":{\"@type\":\"EntryPoint\",\"urlTemplate\":\"https:\\\/\\\/museum-mb.si\\\/?s={search_term_string}\"},\"query-input\":{\"@type\":\"PropertyValueSpecification\",\"valueRequired\":true,\"valueName\":\"search_term_string\"}}],\"inLanguage\":\"de\"},{\"@type\":\"Organization\",\"@id\":\"https:\\\/\\\/museum-mb.si\\\/#organization\",\"name\":\"Pokrajinski muzej Maribor\",\"url\":\"https:\\\/\\\/museum-mb.si\\\/\",\"logo\":{\"@type\":\"ImageObject\",\"inLanguage\":\"de\",\"@id\":\"https:\\\/\\\/museum-mb.si\\\/#\\\/schema\\\/logo\\\/image\\\/\",\"url\":\"https:\\\/\\\/museum-mb.si\\\/wp-content\\\/uploads\\\/2024\\\/12\\\/pmm_logo_barvni_jpeg.jpg\",\"contentUrl\":\"https:\\\/\\\/museum-mb.si\\\/wp-content\\\/uploads\\\/2024\\\/12\\\/pmm_logo_barvni_jpeg.jpg\",\"width\":758,\"height\":754,\"caption\":\"Pokrajinski muzej Maribor\"},\"image\":{\"@id\":\"https:\\\/\\\/museum-mb.si\\\/#\\\/schema\\\/logo\\\/image\\\/\"},\"sameAs\":[\"https:\\\/\\\/www.facebook.com\\\/pomum123\",\"https:\\\/\\\/www.instagram.com\\\/maribor_museum\\\/\",\"https:\\\/\\\/www.youtube.com\\\/channel\\\/UCdshtCrun841Oc-35tYLBGQ\"]}]}<\/script>\n<!-- \/ Yoast SEO plugin. -->","yoast_head_json":{"title":"ESSAY MIT MICHAEL TO\u0160E - Regionalmuseum Maribor","robots":{"index":"index","follow":"follow","max-snippet":"max-snippet:-1","max-image-preview":"max-image-preview:large","max-video-preview":"max-video-preview:-1"},"canonical":"https:\/\/museum-mb.si\/de\/veranstaltungen\/essence-withis-this-toss\/","og_locale":"de_DE","og_type":"article","og_title":"ESENCA S TADEJEM TO\u0160EM &#8211; Pokrajinski muzej Maribor","og_description":"sreda, 9. april, ob 18.00 ESENCA S TADEJEM TO\u0160EM Pogovor Izhodi\u0161\u010de pogovora z igralcem Tadejem To\u0161em bo znana pesnitev Bhadavad Gita, zato bo beseda tekla o temeljnih vpra\u0161anjih \u017eivljenja, o bistvu bivanja in izzivih, ki jih prina\u0161a \u017eivljenje.\u00a0Pogovor, ki bo segal globo pod povr\u0161ino povr\u0161nega vsakdana, bo vodila Mojca Simoni\u010d. (Grajska kavarna, vhod s Trga [&hellip;]","og_url":"https:\/\/museum-mb.si\/de\/veranstaltungen\/essence-withis-this-toss\/","og_site_name":"Pokrajinski muzej Maribor","article_publisher":"https:\/\/www.facebook.com\/pomum123","article_modified_time":"2025-03-27T10:05:48+00:00","og_image":[{"width":1900,"height":900,"url":"https:\/\/museum-mb.si\/wp-content\/uploads\/2025\/03\/TADEJ-TOS-DOGODKI-SLIDER-min.jpg","type":"image\/jpeg"}],"twitter_card":"summary_large_image","schema":{"@context":"https:\/\/schema.org","@graph":[{"@type":"WebPage","@id":"https:\/\/museum-mb.si\/dogodki\/esenca-s-tadejem-tosem\/","url":"https:\/\/museum-mb.si\/dogodki\/esenca-s-tadejem-tosem\/","name":"ESSAY MIT MICHAEL TO\u0160E - Regionalmuseum Maribor","isPartOf":{"@id":"https:\/\/museum-mb.si\/#website"},"primaryImageOfPage":{"@id":"https:\/\/museum-mb.si\/dogodki\/esenca-s-tadejem-tosem\/#primaryimage"},"image":{"@id":"https:\/\/museum-mb.si\/dogodki\/esenca-s-tadejem-tosem\/#primaryimage"},"thumbnailUrl":"https:\/\/museum-mb.si\/wp-content\/uploads\/2025\/03\/TADEJ-TOS-DOGODKI-SLIDER-min.jpg","datePublished":"2025-03-27T10:04:25+00:00","dateModified":"2025-03-27T10:05:48+00:00","breadcrumb":{"@id":"https:\/\/museum-mb.si\/dogodki\/esenca-s-tadejem-tosem\/#breadcrumb"},"inLanguage":"de","potentialAction":[{"@type":"ReadAction","target":["https:\/\/museum-mb.si\/dogodki\/esenca-s-tadejem-tosem\/"]}]},{"@type":"ImageObject","inLanguage":"de","@id":"https:\/\/museum-mb.si\/dogodki\/esenca-s-tadejem-tosem\/#primaryimage","url":"https:\/\/museum-mb.si\/wp-content\/uploads\/2025\/03\/TADEJ-TOS-DOGODKI-SLIDER-min.jpg","contentUrl":"https:\/\/museum-mb.si\/wp-content\/uploads\/2025\/03\/TADEJ-TOS-DOGODKI-SLIDER-min.jpg","width":1900,"height":900},{"@type":"BreadcrumbList","@id":"https:\/\/museum-mb.si\/dogodki\/esenca-s-tadejem-tosem\/#breadcrumb","itemListElement":[{"@type":"ListItem","position":1,"name":"Domov","item":"https:\/\/museum-mb.si\/"},{"@type":"ListItem","position":2,"name":"Dogodki","item":"https:\/\/museum-mb.si\/dogodki\/"},{"@type":"ListItem","position":3,"name":"ESENCA S TADEJEM TO\u0160EM"}]},{"@type":"WebSite","@id":"https:\/\/museum-mb.si\/#website","url":"https:\/\/museum-mb.si\/","name":"Regionalmuseum Maribor","description":"","publisher":{"@id":"https:\/\/museum-mb.si\/#organization"},"potentialAction":[{"@type":"SearchAction","target":{"@type":"EntryPoint","urlTemplate":"https:\/\/museum-mb.si\/?s={search_term_string}"},"query-input":{"@type":"PropertyValueSpecification","valueRequired":true,"valueName":"search_term_string"}}],"inLanguage":"de"},{"@type":"Organization","@id":"https:\/\/museum-mb.si\/#organization","name":"Regionalmuseum Maribor","url":"https:\/\/museum-mb.si\/","logo":{"@type":"ImageObject","inLanguage":"de","@id":"https:\/\/museum-mb.si\/#\/schema\/logo\/image\/","url":"https:\/\/museum-mb.si\/wp-content\/uploads\/2024\/12\/pmm_logo_barvni_jpeg.jpg","contentUrl":"https:\/\/museum-mb.si\/wp-content\/uploads\/2024\/12\/pmm_logo_barvni_jpeg.jpg","width":758,"height":754,"caption":"Pokrajinski muzej Maribor"},"image":{"@id":"https:\/\/museum-mb.si\/#\/schema\/logo\/image\/"},"sameAs":["https:\/\/www.facebook.com\/pomum123","https:\/\/www.instagram.com\/maribor_museum\/","https:\/\/www.youtube.com\/channel\/UCdshtCrun841Oc-35tYLBGQ"]}]}},"_links":{"self":[{"href":"https:\/\/museum-mb.si\/de\/wp-json\/wp\/v2\/dogodki\/79486","targetHints":{"allow":["GET"]}}],"collection":[{"href":"https:\/\/museum-mb.si\/de\/wp-json\/wp\/v2\/dogodki"}],"about":[{"href":"https:\/\/museum-mb.si\/de\/wp-json\/wp\/v2\/types\/dogodki"}],"version-history":[{"count":3,"href":"https:\/\/museum-mb.si\/de\/wp-json\/wp\/v2\/dogodki\/79486\/revisions"}],"predecessor-version":[{"id":79490,"href":"https:\/\/museum-mb.si\/de\/wp-json\/wp\/v2\/dogodki\/79486\/revisions\/79490"}],"wp:featuredmedia":[{"embeddable":true,"href":"https:\/\/museum-mb.si\/de\/wp-json\/wp\/v2\/media\/79487"}],"wp:attachment":[{"href":"https:\/\/museum-mb.si\/de\/wp-json\/wp\/v2\/media?parent=79486"}],"wp:term":[{"taxonomy":"vrsta-dogodka","embeddable":true,"href":"https:\/\/museum-mb.si\/de\/wp-json\/wp\/v2\/vrsta-dogodka?post=79486"}],"curies":[{"name":"wp","href":"https:\/\/api.w.org\/{rel}","templated":true}]}}