{"id":79351,"date":"2025-02-28T10:59:42","date_gmt":"2025-02-28T09:59:42","guid":{"rendered":"https:\/\/museum-mb.si\/?post_type=dogodki&#038;p=79351"},"modified":"2025-03-14T09:07:20","modified_gmt":"2025-03-14T08:07:20","slug":"gruse-fruhling-2","status":"publish","type":"dogodki","link":"https:\/\/museum-mb.si\/de\/veranstaltungen\/gruse-fruhling-2\/","title":{"rendered":"FR\u00dcHLINGSGR\u00dcSSE"},"content":{"rendered":"<p style=\"text-align: center;\"><strong>Freitag, 21. M\u00e4rz, um 19.00 Uhr<\/strong><\/p>\n<p style=\"text-align: center;\"><strong>FR\u00dcHLINGSGR\u00dcSSE**<\/strong><\/p>\n<p style=\"text-align: center;\">Eine Erfahrung mit f\u00fcnf Sinnen<\/p>\n<p style=\"text-align: center;\">Mit der Ankunft des Fr\u00fchlings beginnt ein neuer Zyklus von Erfahrungen, in dem wir die Symbolik von<br \/>\nJahreszeiten in der bildenden Kunst, Musik, Schlossgeschichte und Kulinarik mit allen f\u00fcnf Sinnen. Diesmal liegt der Schwerpunkt auf Symbolen, die mit dem Fr\u00fchling verbunden sind, und wir werden das Leben in Maribor und auf der Burg im 15.<\/p>\n<p style=\"text-align: center;\">(Eingang von der Castle Street)<\/p>\n<p style=\"text-align: center;\"><strong>* *Zahlungsf\u00e4higes Programm<\/strong><strong>Der Preis f\u00fcr dieses Erlebnis betr\u00e4gt 25,00 \u20ac pro Teilnehmer.<\/strong><strong>ncu, Vorregistrierungen an: <\/strong><a href=\"mailto:museum@museum-mb.si\"><strong>museum@museum-mb.si<\/strong><\/a><strong> oder<br \/>\n02 228 35 51, begrenzte Teilnehmerzahl, Anmeldungen bis 18. M\u00e4rz 2025 oder bis die Pl\u00e4tze vergeben sind<\/strong><\/p>\n<p>&nbsp;<\/p>\n<p><img fetchpriority=\"high\" decoding=\"async\" class=\"wp-image-79474 aligncenter\" src=\"https:\/\/museum-mb.si\/wp-content\/uploads\/2025\/02\/FEBRUAR-FACEBOOK-KOLEDAR-PLANNER-5-min-1024x1024.jpg\" alt=\"Fr\u00fchlingsgru\u00df, Regionalmuseum Maribor, Barocktreppe\" width=\"546\" height=\"546\" srcset=\"https:\/\/museum-mb.si\/wp-content\/uploads\/2025\/02\/FEBRUAR-FACEBOOK-KOLEDAR-PLANNER-5-min-1024x1024.jpg 1024w, https:\/\/museum-mb.si\/wp-content\/uploads\/2025\/02\/FEBRUAR-FACEBOOK-KOLEDAR-PLANNER-5-min-300x300.jpg 300w, https:\/\/museum-mb.si\/wp-content\/uploads\/2025\/02\/FEBRUAR-FACEBOOK-KOLEDAR-PLANNER-5-min-150x150.jpg 150w, https:\/\/museum-mb.si\/wp-content\/uploads\/2025\/02\/FEBRUAR-FACEBOOK-KOLEDAR-PLANNER-5-min-768x768.jpg 768w, https:\/\/museum-mb.si\/wp-content\/uploads\/2025\/02\/FEBRUAR-FACEBOOK-KOLEDAR-PLANNER-5-min-12x12.jpg 12w, https:\/\/museum-mb.si\/wp-content\/uploads\/2025\/02\/FEBRUAR-FACEBOOK-KOLEDAR-PLANNER-5-min.jpg 1080w\" sizes=\"(max-width: 546px) 100vw, 546px\" \/><\/p>","protected":false},"featured_media":79352,"template":"","vrsta-dogodka":[39],"class_list":["post-79351","dogodki","type-dogodki","status-publish","has-post-thumbnail","hentry","vrsta-dogodka-prihajajoci-dogodki"],"yoast_head":"<!-- This site is optimized with the Yoast SEO plugin v27.5 - https:\/\/yoast.com\/product\/yoast-seo-wordpress\/ -->\n<title>POZDRAV POMLADI &#8211; Pokrajinski muzej Maribor<\/title>\n<meta name=\"robots\" content=\"index, follow, max-snippet:-1, max-image-preview:large, max-video-preview:-1\" \/>\n<link rel=\"canonical\" href=\"https:\/\/museum-mb.si\/de\/veranstaltungen\/gruse-fruhling-2\/\" \/>\n<meta property=\"og:locale\" content=\"de_DE\" \/>\n<meta property=\"og:type\" content=\"article\" \/>\n<meta property=\"og:title\" content=\"POZDRAV POMLADI &#8211; Pokrajinski muzej Maribor\" \/>\n<meta property=\"og:description\" content=\"petek, 21. marec, ob 19.00 POZDRAV POMLADI** Pet\u010dutno do\u017eivetje S prihodom pomladi za\u010denjamo nov cikel do\u017eivetij, v katerih bomo spoznavali simboliko letnih \u010dasov v likovni umetnosti, glasbo, grajsko zgodovino in kulinariko z vsemi petimi \u010duti. Tokrat bodo v ospredju simboli, vezani na pomlad, podrobneje bomo spoznali \u017eivljenje v Mariboru in na gradu v 15. stoletju. [&hellip;]\" \/>\n<meta property=\"og:url\" content=\"https:\/\/museum-mb.si\/de\/veranstaltungen\/gruse-fruhling-2\/\" \/>\n<meta property=\"og:site_name\" content=\"Pokrajinski muzej Maribor\" \/>\n<meta property=\"article:publisher\" content=\"https:\/\/www.facebook.com\/pomum123\" \/>\n<meta property=\"article:modified_time\" content=\"2025-03-14T08:07:20+00:00\" \/>\n<meta property=\"og:image\" content=\"https:\/\/museum-mb.si\/wp-content\/uploads\/2025\/02\/petek-21.-marec-ob-19.00-POZDRAV-POMLADI__-Petcutno-dozivetje-min.jpg\" \/>\n\t<meta property=\"og:image:width\" content=\"2000\" \/>\n\t<meta property=\"og:image:height\" content=\"1414\" \/>\n\t<meta property=\"og:image:type\" content=\"image\/jpeg\" \/>\n<meta name=\"twitter:card\" content=\"summary_large_image\" \/>\n<script type=\"application\/ld+json\" class=\"yoast-schema-graph\">{\"@context\":\"https:\\\/\\\/schema.org\",\"@graph\":[{\"@type\":\"WebPage\",\"@id\":\"https:\\\/\\\/museum-mb.si\\\/dogodki\\\/pozdrav-pomladi-2\\\/\",\"url\":\"https:\\\/\\\/museum-mb.si\\\/dogodki\\\/pozdrav-pomladi-2\\\/\",\"name\":\"POZDRAV POMLADI &#8211; Pokrajinski muzej Maribor\",\"isPartOf\":{\"@id\":\"https:\\\/\\\/museum-mb.si\\\/#website\"},\"primaryImageOfPage\":{\"@id\":\"https:\\\/\\\/museum-mb.si\\\/dogodki\\\/pozdrav-pomladi-2\\\/#primaryimage\"},\"image\":{\"@id\":\"https:\\\/\\\/museum-mb.si\\\/dogodki\\\/pozdrav-pomladi-2\\\/#primaryimage\"},\"thumbnailUrl\":\"https:\\\/\\\/museum-mb.si\\\/wp-content\\\/uploads\\\/2025\\\/02\\\/petek-21.-marec-ob-19.00-POZDRAV-POMLADI__-Petcutno-dozivetje-min.jpg\",\"datePublished\":\"2025-02-28T09:59:42+00:00\",\"dateModified\":\"2025-03-14T08:07:20+00:00\",\"breadcrumb\":{\"@id\":\"https:\\\/\\\/museum-mb.si\\\/dogodki\\\/pozdrav-pomladi-2\\\/#breadcrumb\"},\"inLanguage\":\"de\",\"potentialAction\":[{\"@type\":\"ReadAction\",\"target\":[\"https:\\\/\\\/museum-mb.si\\\/dogodki\\\/pozdrav-pomladi-2\\\/\"]}]},{\"@type\":\"ImageObject\",\"inLanguage\":\"de\",\"@id\":\"https:\\\/\\\/museum-mb.si\\\/dogodki\\\/pozdrav-pomladi-2\\\/#primaryimage\",\"url\":\"https:\\\/\\\/museum-mb.si\\\/wp-content\\\/uploads\\\/2025\\\/02\\\/petek-21.-marec-ob-19.00-POZDRAV-POMLADI__-Petcutno-dozivetje-min.jpg\",\"contentUrl\":\"https:\\\/\\\/museum-mb.si\\\/wp-content\\\/uploads\\\/2025\\\/02\\\/petek-21.-marec-ob-19.00-POZDRAV-POMLADI__-Petcutno-dozivetje-min.jpg\",\"width\":2000,\"height\":1414,\"caption\":\"petek, 21. marec, ob 19.00 POZDRAV POMLADI__ Pet\u010dutno do\u017eivetje-min\"},{\"@type\":\"BreadcrumbList\",\"@id\":\"https:\\\/\\\/museum-mb.si\\\/dogodki\\\/pozdrav-pomladi-2\\\/#breadcrumb\",\"itemListElement\":[{\"@type\":\"ListItem\",\"position\":1,\"name\":\"Domov\",\"item\":\"https:\\\/\\\/museum-mb.si\\\/\"},{\"@type\":\"ListItem\",\"position\":2,\"name\":\"Dogodki\",\"item\":\"https:\\\/\\\/museum-mb.si\\\/dogodki\\\/\"},{\"@type\":\"ListItem\",\"position\":3,\"name\":\"POZDRAV POMLADI\"}]},{\"@type\":\"WebSite\",\"@id\":\"https:\\\/\\\/museum-mb.si\\\/#website\",\"url\":\"https:\\\/\\\/museum-mb.si\\\/\",\"name\":\"Pokrajinski muzej Maribor\",\"description\":\"\",\"publisher\":{\"@id\":\"https:\\\/\\\/museum-mb.si\\\/#organization\"},\"potentialAction\":[{\"@type\":\"SearchAction\",\"target\":{\"@type\":\"EntryPoint\",\"urlTemplate\":\"https:\\\/\\\/museum-mb.si\\\/?s={search_term_string}\"},\"query-input\":{\"@type\":\"PropertyValueSpecification\",\"valueRequired\":true,\"valueName\":\"search_term_string\"}}],\"inLanguage\":\"de\"},{\"@type\":\"Organization\",\"@id\":\"https:\\\/\\\/museum-mb.si\\\/#organization\",\"name\":\"Pokrajinski muzej Maribor\",\"url\":\"https:\\\/\\\/museum-mb.si\\\/\",\"logo\":{\"@type\":\"ImageObject\",\"inLanguage\":\"de\",\"@id\":\"https:\\\/\\\/museum-mb.si\\\/#\\\/schema\\\/logo\\\/image\\\/\",\"url\":\"https:\\\/\\\/museum-mb.si\\\/wp-content\\\/uploads\\\/2024\\\/12\\\/pmm_logo_barvni_jpeg.jpg\",\"contentUrl\":\"https:\\\/\\\/museum-mb.si\\\/wp-content\\\/uploads\\\/2024\\\/12\\\/pmm_logo_barvni_jpeg.jpg\",\"width\":758,\"height\":754,\"caption\":\"Pokrajinski muzej Maribor\"},\"image\":{\"@id\":\"https:\\\/\\\/museum-mb.si\\\/#\\\/schema\\\/logo\\\/image\\\/\"},\"sameAs\":[\"https:\\\/\\\/www.facebook.com\\\/pomum123\",\"https:\\\/\\\/www.instagram.com\\\/maribor_museum\\\/\",\"https:\\\/\\\/www.youtube.com\\\/channel\\\/UCdshtCrun841Oc-35tYLBGQ\"]}]}<\/script>\n<!-- \/ Yoast SEO plugin. -->","yoast_head_json":{"title":"HELLO TO HELP - Regionalmuseum Maribor","robots":{"index":"index","follow":"follow","max-snippet":"max-snippet:-1","max-image-preview":"max-image-preview:large","max-video-preview":"max-video-preview:-1"},"canonical":"https:\/\/museum-mb.si\/de\/veranstaltungen\/gruse-fruhling-2\/","og_locale":"de_DE","og_type":"article","og_title":"POZDRAV POMLADI &#8211; Pokrajinski muzej Maribor","og_description":"petek, 21. marec, ob 19.00 POZDRAV POMLADI** Pet\u010dutno do\u017eivetje S prihodom pomladi za\u010denjamo nov cikel do\u017eivetij, v katerih bomo spoznavali simboliko letnih \u010dasov v likovni umetnosti, glasbo, grajsko zgodovino in kulinariko z vsemi petimi \u010duti. Tokrat bodo v ospredju simboli, vezani na pomlad, podrobneje bomo spoznali \u017eivljenje v Mariboru in na gradu v 15. stoletju. [&hellip;]","og_url":"https:\/\/museum-mb.si\/de\/veranstaltungen\/gruse-fruhling-2\/","og_site_name":"Pokrajinski muzej Maribor","article_publisher":"https:\/\/www.facebook.com\/pomum123","article_modified_time":"2025-03-14T08:07:20+00:00","og_image":[{"width":2000,"height":1414,"url":"https:\/\/museum-mb.si\/wp-content\/uploads\/2025\/02\/petek-21.-marec-ob-19.00-POZDRAV-POMLADI__-Petcutno-dozivetje-min.jpg","type":"image\/jpeg"}],"twitter_card":"summary_large_image","schema":{"@context":"https:\/\/schema.org","@graph":[{"@type":"WebPage","@id":"https:\/\/museum-mb.si\/dogodki\/pozdrav-pomladi-2\/","url":"https:\/\/museum-mb.si\/dogodki\/pozdrav-pomladi-2\/","name":"HELLO TO HELP - Regionalmuseum Maribor","isPartOf":{"@id":"https:\/\/museum-mb.si\/#website"},"primaryImageOfPage":{"@id":"https:\/\/museum-mb.si\/dogodki\/pozdrav-pomladi-2\/#primaryimage"},"image":{"@id":"https:\/\/museum-mb.si\/dogodki\/pozdrav-pomladi-2\/#primaryimage"},"thumbnailUrl":"https:\/\/museum-mb.si\/wp-content\/uploads\/2025\/02\/petek-21.-marec-ob-19.00-POZDRAV-POMLADI__-Petcutno-dozivetje-min.jpg","datePublished":"2025-02-28T09:59:42+00:00","dateModified":"2025-03-14T08:07:20+00:00","breadcrumb":{"@id":"https:\/\/museum-mb.si\/dogodki\/pozdrav-pomladi-2\/#breadcrumb"},"inLanguage":"de","potentialAction":[{"@type":"ReadAction","target":["https:\/\/museum-mb.si\/dogodki\/pozdrav-pomladi-2\/"]}]},{"@type":"ImageObject","inLanguage":"de","@id":"https:\/\/museum-mb.si\/dogodki\/pozdrav-pomladi-2\/#primaryimage","url":"https:\/\/museum-mb.si\/wp-content\/uploads\/2025\/02\/petek-21.-marec-ob-19.00-POZDRAV-POMLADI__-Petcutno-dozivetje-min.jpg","contentUrl":"https:\/\/museum-mb.si\/wp-content\/uploads\/2025\/02\/petek-21.-marec-ob-19.00-POZDRAV-POMLADI__-Petcutno-dozivetje-min.jpg","width":2000,"height":1414,"caption":"petek, 21. marec, ob 19.00 POZDRAV POMLADI__ Pet\u010dutno do\u017eivetje-min"},{"@type":"BreadcrumbList","@id":"https:\/\/museum-mb.si\/dogodki\/pozdrav-pomladi-2\/#breadcrumb","itemListElement":[{"@type":"ListItem","position":1,"name":"Domov","item":"https:\/\/museum-mb.si\/"},{"@type":"ListItem","position":2,"name":"Dogodki","item":"https:\/\/museum-mb.si\/dogodki\/"},{"@type":"ListItem","position":3,"name":"POZDRAV POMLADI"}]},{"@type":"WebSite","@id":"https:\/\/museum-mb.si\/#website","url":"https:\/\/museum-mb.si\/","name":"Regionalmuseum Maribor","description":"","publisher":{"@id":"https:\/\/museum-mb.si\/#organization"},"potentialAction":[{"@type":"SearchAction","target":{"@type":"EntryPoint","urlTemplate":"https:\/\/museum-mb.si\/?s={search_term_string}"},"query-input":{"@type":"PropertyValueSpecification","valueRequired":true,"valueName":"search_term_string"}}],"inLanguage":"de"},{"@type":"Organization","@id":"https:\/\/museum-mb.si\/#organization","name":"Regionalmuseum Maribor","url":"https:\/\/museum-mb.si\/","logo":{"@type":"ImageObject","inLanguage":"de","@id":"https:\/\/museum-mb.si\/#\/schema\/logo\/image\/","url":"https:\/\/museum-mb.si\/wp-content\/uploads\/2024\/12\/pmm_logo_barvni_jpeg.jpg","contentUrl":"https:\/\/museum-mb.si\/wp-content\/uploads\/2024\/12\/pmm_logo_barvni_jpeg.jpg","width":758,"height":754,"caption":"Pokrajinski muzej Maribor"},"image":{"@id":"https:\/\/museum-mb.si\/#\/schema\/logo\/image\/"},"sameAs":["https:\/\/www.facebook.com\/pomum123","https:\/\/www.instagram.com\/maribor_museum\/","https:\/\/www.youtube.com\/channel\/UCdshtCrun841Oc-35tYLBGQ"]}]}},"_links":{"self":[{"href":"https:\/\/museum-mb.si\/de\/wp-json\/wp\/v2\/dogodki\/79351","targetHints":{"allow":["GET"]}}],"collection":[{"href":"https:\/\/museum-mb.si\/de\/wp-json\/wp\/v2\/dogodki"}],"about":[{"href":"https:\/\/museum-mb.si\/de\/wp-json\/wp\/v2\/types\/dogodki"}],"version-history":[{"count":4,"href":"https:\/\/museum-mb.si\/de\/wp-json\/wp\/v2\/dogodki\/79351\/revisions"}],"predecessor-version":[{"id":79477,"href":"https:\/\/museum-mb.si\/de\/wp-json\/wp\/v2\/dogodki\/79351\/revisions\/79477"}],"wp:featuredmedia":[{"embeddable":true,"href":"https:\/\/museum-mb.si\/de\/wp-json\/wp\/v2\/media\/79352"}],"wp:attachment":[{"href":"https:\/\/museum-mb.si\/de\/wp-json\/wp\/v2\/media?parent=79351"}],"wp:term":[{"taxonomy":"vrsta-dogodka","embeddable":true,"href":"https:\/\/museum-mb.si\/de\/wp-json\/wp\/v2\/vrsta-dogodka?post=79351"}],"curies":[{"name":"wp","href":"https:\/\/api.w.org\/{rel}","templated":true}]}}