{"id":78226,"date":"2024-11-22T12:04:55","date_gmt":"2024-11-22T11:04:55","guid":{"rendered":"https:\/\/museum-mb.si\/?post_type=dogodki&#038;p=78226"},"modified":"2024-12-16T09:10:39","modified_gmt":"2024-12-16T08:10:39","slug":"mariborski-slikar-eduard-lind","status":"publish","type":"dogodki","link":"https:\/\/museum-mb.si\/de\/veranstaltungen\/mariborski-slikar-eduard-lind\/","title":{"rendered":"MARIBORER MALER EDUARD LIND"},"content":{"rendered":"<div data-elementor-type=\"wp-post\" data-elementor-id=\"78226\" class=\"elementor elementor-78226\" data-elementor-post-type=\"dogodki\">\n\t\t\t\t<div class=\"elementor-element elementor-element-53ce03a4 e-flex e-con-boxed e-con e-parent\" data-id=\"53ce03a4\" data-element_type=\"container\" data-settings=\"{&quot;jet_parallax_layout_list&quot;:[]}\">\n\t\t\t\t\t<div class=\"e-con-inner\">\n\t\t\t\t<div class=\"elementor-element elementor-element-707eee64 elementor-widget elementor-widget-text-editor\" data-id=\"707eee64\" data-element_type=\"widget\" data-widget_type=\"text-editor.default\">\n\t\t\t\t<div class=\"elementor-widget-container\">\n\t\t\t\t\t\t\t\t\t<p class=\"MsoNormal\" style=\"mso-margin-bottom-alt: auto; text-align: center; line-height: normal;\" align=\"center\"><span style=\"font-family: 'Cambria',serif; mso-fareast-font-family: Calibri; mso-bidi-font-family: Calibri; mso-font-kerning: 0pt; mso-ligatures: none;\">-<\/span><\/p><p class=\"MsoNormal\" style=\"text-align: center; line-height: normal;\" align=\"center\"><span style=\"font-family: 'Cambria',serif;\">Regionalmuseum Maribor<\/span><\/p><p class=\"MsoNormal\" style=\"text-align: center; line-height: normal;\" align=\"center\"><span style=\"font-family: 'Cambria',serif;\">l\u00e4dt Sie herzlich ein zu<\/span><\/p><p class=\"MsoNormal\" style=\"mso-margin-bottom-alt: auto; text-align: center; line-height: normal;\" align=\"center\"><span lang=\"EN-GB\" style=\"font-family: 'Cambria',serif; mso-fareast-font-family: Calibri; mso-bidi-font-family: Calibri; mso-font-kerning: 0pt; mso-ligatures: none; mso-ansi-language: EN-GB;\">-<\/span><\/p><p class=\"MsoNoSpacing\" style=\"text-align: center; line-height: 115%;\" align=\"center\"><b><span style=\"font-family: 'Cambria',serif;\">Er\u00f6ffnung einer tempor\u00e4ren Ausstellung<\/span><\/b><\/p><p class=\"MsoNoSpacing\" style=\"text-align: center; line-height: 115%;\" align=\"center\"><b><span style=\"font-size: 16.0pt; line-height: 115%; font-family: 'Cambria',serif; color: red;\">MARIBORER MALER EDUARD LIND<\/span><\/b><\/p><p class=\"MsoNoSpacing\" style=\"text-align: center; line-height: 115%;\" align=\"center\"><b><span style=\"font-family: 'Cambria',serif;\">am Montag, 2. Dezember 2024, um 18.00 Uhr<\/span><\/b><\/p><p class=\"MsoNoSpacing\" style=\"text-align: center; line-height: 115%;\" align=\"center\"><span style=\"font-family: 'Cambria',serif;\">(Rittersaal, Eingang von der Grajska Stra\u00dfe 2)<\/span><\/p>\t\t\t\t\t\t\t\t<\/div>\n\t\t\t\t<\/div>\n\t\t\t\t<div class=\"elementor-element elementor-element-fc86b6b elementor-widget elementor-widget-image\" data-id=\"fc86b6b\" data-element_type=\"widget\" data-widget_type=\"image.default\">\n\t\t\t\t<div class=\"elementor-widget-container\">\n\t\t\t\t\t\t\t\t\t\t\t\t\t\t\t<img fetchpriority=\"high\" decoding=\"async\" width=\"768\" height=\"284\" src=\"https:\/\/museum-mb.si\/wp-content\/uploads\/2024\/11\/lind_FB-banner-768x284.jpg\" class=\"attachment-medium_large size-medium_large wp-image-78258\" alt=\"\" srcset=\"https:\/\/museum-mb.si\/wp-content\/uploads\/2024\/11\/lind_FB-banner-768x284.jpg.webp 768w, https:\/\/museum-mb.si\/wp-content\/uploads\/2024\/11\/lind_FB-banner-300x111.jpg.webp 300w, https:\/\/museum-mb.si\/wp-content\/uploads\/2024\/11\/lind_FB-banner-1024x379.jpg.webp 1024w, https:\/\/museum-mb.si\/wp-content\/uploads\/2024\/11\/lind_FB-banner-1536x569.jpg.webp 1536w, https:\/\/museum-mb.si\/wp-content\/uploads\/2024\/11\/lind_FB-banner-18x7.jpg.webp 18w, https:\/\/museum-mb.si\/wp-content\/uploads\/2024\/11\/lind_FB-banner.jpg.webp 1794w\" sizes=\"(max-width: 768px) 100vw, 768px\" \/>\t\t\t\t\t\t\t\t\t\t\t\t\t\t\t<\/div>\n\t\t\t\t<\/div>\n\t\t\t\t<div class=\"elementor-element elementor-element-caa69fb elementor-widget elementor-widget-text-editor\" data-id=\"caa69fb\" data-element_type=\"widget\" data-widget_type=\"text-editor.default\">\n\t\t\t\t<div class=\"elementor-widget-container\">\n\t\t\t\t\t\t\t\t\t<p class=\"MsoNormal\" style=\"mso-margin-bottom-alt: auto; text-align: center; line-height: normal;\" align=\"center\">\u00a0<\/p><p class=\"MsoNoSpacing\" style=\"text-align: center;\" align=\"center\"><span style=\"font-family: 'Cambria',serif;\">Die Ausstellung pr\u00e4sentiert die zeitgen\u00f6ssischen Portr\u00e4ts von Eduard Lind, einem deutschst\u00e4mmigen Portr\u00e4tmaler, der in der zweiten H\u00e4lfte des 19. Jahrhunderts in Maribor t\u00e4tig war, anhand der Gem\u00e4lde von <\/span><span style=\"font-family: 'Cambria',serif; mso-fareast-font-family: 'Arial Unicode MS'; mso-bidi-font-family: 'Arial Unicode MS';\">kirchlichen W\u00fcrdentr\u00e4gern, B\u00fcrgermeistern,<\/span><\/p><p class=\"MsoNoSpacing\" style=\"text-align: center;\" align=\"center\"><span style=\"font-family: 'Cambria',serif; mso-fareast-font-family: 'Arial Unicode MS'; mso-bidi-font-family: 'Arial Unicode MS';\">verdiente B\u00fcrger sowie andere wohlhabende Einwohner der Stadt.<\/span><\/p><p class=\"MsoNoSpacing\" style=\"text-align: center;\" align=\"center\"><span style=\"font-family: 'Cambria',serif;\">\u00a0<\/span><\/p><p class=\"MsoNoSpacing\" style=\"text-align: center;\" align=\"center\"><span style=\"font-family: 'Cambria',serif;\">Ausstellung und wissenschaftliche Monographie<\/span><\/p><p class=\"MsoNoSpacing\" style=\"text-align: center;\" align=\"center\"><b><span style=\"font-family: 'Cambria',serif;\">EDUARD LIND, MALER DER MARIBORER BOURGEOISIE (1827-1904)<\/span><\/b><span style=\"font-family: 'Cambria',serif;\">,<b><\/b><\/span><\/p><p class=\"MsoNoSpacing\" style=\"text-align: center;\" align=\"center\"><span style=\"font-family: 'Cambria',serif;\">die aus diesem Anlass ver\u00f6ffentlicht werden, sind das Ergebnis von <\/span><span style=\"font-family: 'Cambria',serif; mso-bidi-font-family: Arial;\">mehrj\u00e4hrige Forschungsarbeit<\/span><\/p><p class=\"MsoNoSpacing\" style=\"text-align: center;\" align=\"center\"><span style=\"font-family: 'Cambria',serif; mso-bidi-font-family: Arial;\">Dr. Valentina Bevc Varl, Kuratorin f\u00fcr Kunstgeschichte am Regionalmuseum Maribor.<\/span><\/p><p class=\"MsoNoSpacing\" style=\"text-align: center;\" align=\"center\"><span style=\"font-family: 'Cambria',serif; mso-bidi-font-family: Arial;\">\u00a0<\/span><\/p><p class=\"MsoNormal\" style=\"mso-margin-bottom-alt: auto; text-align: center; line-height: normal;\" align=\"center\"><span style=\"font-family: 'Cambria',serif; mso-fareast-font-family: Calibri; mso-bidi-font-family: Calibri; mso-font-kerning: 0pt; mso-ligatures: none;\">-<\/span><\/p><p class=\"MsoNoSpacing\" style=\"text-align: center;\" align=\"center\"><span style=\"font-family: 'Cambria',serif; mso-bidi-font-family: Arial;\">Das Programm der Er\u00f6ffnungsfeier umfasst einen Auftritt von<\/span><\/p><p class=\"MsoNoSpacing\" style=\"text-align: center;\" align=\"center\"><span style=\"font-family: 'Cambria',serif; mso-bidi-font-family: Arial;\">Trio Risus Musicorum des Mariborer Konservatoriums f\u00fcr Musik und Ballett.<\/span><\/p><p class=\"MsoNoSpacing\" style=\"text-align: center;\" align=\"center\"><span style=\"font-family: 'Cambria',serif; mso-bidi-font-family: Arial;\">Die Ausstellung wird vom B\u00fcrgermeister der Stadt Maribor, Herrn Aleksander Sa\u0161a Arsenovi\u010d, er\u00f6ffnet.<\/span>.<\/p>\t\t\t\t\t\t\t\t<\/div>\n\t\t\t\t<\/div>\n\t\t\t\t\t<\/div>\n\t\t\t\t<\/div>\n\t\t<div class=\"elementor-element elementor-element-0a6811e e-flex e-con-boxed e-con e-parent\" data-id=\"0a6811e\" data-element_type=\"container\" data-settings=\"{&quot;jet_parallax_layout_list&quot;:[]}\">\n\t\t\t\t\t<div class=\"e-con-inner\">\n\t\t\t\t\t<\/div>\n\t\t\t\t<\/div>\n\t\t\t\t<\/div>","protected":false},"featured_media":78227,"template":"","vrsta-dogodka":[39],"class_list":["post-78226","dogodki","type-dogodki","status-publish","has-post-thumbnail","hentry","vrsta-dogodka-prihajajoci-dogodki"],"yoast_head":"<!-- This site is optimized with the Yoast SEO plugin v27.5 - https:\/\/yoast.com\/product\/yoast-seo-wordpress\/ -->\n<title>MARIBORSKI SLIKAR EDUARD LIND &#8211; Pokrajinski muzej Maribor<\/title>\n<meta name=\"robots\" content=\"index, follow, max-snippet:-1, max-image-preview:large, max-video-preview:-1\" \/>\n<link rel=\"canonical\" href=\"https:\/\/museum-mb.si\/de\/veranstaltungen\/mariborski-slikar-eduard-lind\/\" \/>\n<meta property=\"og:locale\" content=\"de_DE\" \/>\n<meta property=\"og:type\" content=\"article\" \/>\n<meta property=\"og:title\" content=\"MARIBORSKI SLIKAR EDUARD LIND &#8211; Pokrajinski muzej Maribor\" \/>\n<meta property=\"og:description\" content=\"\u2022 Pokrajinski muzej Maribor Vas vljudno vabi na \u2022 odprtje ob\u010dasne razstave MARIBORSKI SLIKAR EDUARD LIND v ponedeljek, 2. decembra 2024, ob 18.00 (Vite\u0161ka dvorana, vhod iz Grajske ulice 2) Razstava skozi slikarska dela Eduarda Linda, portretista nem\u0161kega rodu, ki je v drugi polovici 19. stoletja deloval v Mariboru, predstavlja takratne cerkvene dostojanstvenike, \u017eupane, zaslu\u017ene [&hellip;]\" \/>\n<meta property=\"og:url\" content=\"https:\/\/museum-mb.si\/de\/veranstaltungen\/mariborski-slikar-eduard-lind\/\" \/>\n<meta property=\"og:site_name\" content=\"Pokrajinski muzej Maribor\" \/>\n<meta property=\"article:publisher\" content=\"https:\/\/www.facebook.com\/pomum123\" \/>\n<meta property=\"article:modified_time\" content=\"2024-12-16T08:10:39+00:00\" \/>\n<meta property=\"og:image\" content=\"https:\/\/museum-mb.si\/wp-content\/uploads\/2024\/11\/Eduard-LIND-slika-DOGODKI-GRID-300x200-px-brez-besedila.jpg\" \/>\n\t<meta property=\"og:image:width\" content=\"300\" \/>\n\t<meta property=\"og:image:height\" content=\"200\" \/>\n\t<meta property=\"og:image:type\" content=\"image\/jpeg\" \/>\n<meta name=\"twitter:card\" content=\"summary_large_image\" \/>\n<meta name=\"twitter:label1\" content=\"Gesch\u00e4tzte Lesezeit\" \/>\n\t<meta name=\"twitter:data1\" content=\"1\u00a0Minute\" \/>\n<script type=\"application\/ld+json\" class=\"yoast-schema-graph\">{\"@context\":\"https:\\\/\\\/schema.org\",\"@graph\":[{\"@type\":\"WebPage\",\"@id\":\"https:\\\/\\\/museum-mb.si\\\/dogodki\\\/mariborski-slikar-eduard-lind\\\/\",\"url\":\"https:\\\/\\\/museum-mb.si\\\/dogodki\\\/mariborski-slikar-eduard-lind\\\/\",\"name\":\"MARIBORSKI SLIKAR EDUARD LIND &#8211; Pokrajinski muzej Maribor\",\"isPartOf\":{\"@id\":\"https:\\\/\\\/museum-mb.si\\\/#website\"},\"primaryImageOfPage\":{\"@id\":\"https:\\\/\\\/museum-mb.si\\\/dogodki\\\/mariborski-slikar-eduard-lind\\\/#primaryimage\"},\"image\":{\"@id\":\"https:\\\/\\\/museum-mb.si\\\/dogodki\\\/mariborski-slikar-eduard-lind\\\/#primaryimage\"},\"thumbnailUrl\":\"https:\\\/\\\/museum-mb.si\\\/wp-content\\\/uploads\\\/2024\\\/11\\\/Eduard-LIND-slika-DOGODKI-GRID-300x200-px-brez-besedila.jpg\",\"datePublished\":\"2024-11-22T11:04:55+00:00\",\"dateModified\":\"2024-12-16T08:10:39+00:00\",\"breadcrumb\":{\"@id\":\"https:\\\/\\\/museum-mb.si\\\/dogodki\\\/mariborski-slikar-eduard-lind\\\/#breadcrumb\"},\"inLanguage\":\"de\",\"potentialAction\":[{\"@type\":\"ReadAction\",\"target\":[\"https:\\\/\\\/museum-mb.si\\\/dogodki\\\/mariborski-slikar-eduard-lind\\\/\"]}]},{\"@type\":\"ImageObject\",\"inLanguage\":\"de\",\"@id\":\"https:\\\/\\\/museum-mb.si\\\/dogodki\\\/mariborski-slikar-eduard-lind\\\/#primaryimage\",\"url\":\"https:\\\/\\\/museum-mb.si\\\/wp-content\\\/uploads\\\/2024\\\/11\\\/Eduard-LIND-slika-DOGODKI-GRID-300x200-px-brez-besedila.jpg\",\"contentUrl\":\"https:\\\/\\\/museum-mb.si\\\/wp-content\\\/uploads\\\/2024\\\/11\\\/Eduard-LIND-slika-DOGODKI-GRID-300x200-px-brez-besedila.jpg\",\"width\":300,\"height\":200},{\"@type\":\"BreadcrumbList\",\"@id\":\"https:\\\/\\\/museum-mb.si\\\/dogodki\\\/mariborski-slikar-eduard-lind\\\/#breadcrumb\",\"itemListElement\":[{\"@type\":\"ListItem\",\"position\":1,\"name\":\"Domov\",\"item\":\"https:\\\/\\\/museum-mb.si\\\/\"},{\"@type\":\"ListItem\",\"position\":2,\"name\":\"Dogodki\",\"item\":\"https:\\\/\\\/museum-mb.si\\\/dogodki\\\/\"},{\"@type\":\"ListItem\",\"position\":3,\"name\":\"MARIBORSKI SLIKAR EDUARD LIND\"}]},{\"@type\":\"WebSite\",\"@id\":\"https:\\\/\\\/museum-mb.si\\\/#website\",\"url\":\"https:\\\/\\\/museum-mb.si\\\/\",\"name\":\"Pokrajinski muzej Maribor\",\"description\":\"\",\"publisher\":{\"@id\":\"https:\\\/\\\/museum-mb.si\\\/#organization\"},\"potentialAction\":[{\"@type\":\"SearchAction\",\"target\":{\"@type\":\"EntryPoint\",\"urlTemplate\":\"https:\\\/\\\/museum-mb.si\\\/?s={search_term_string}\"},\"query-input\":{\"@type\":\"PropertyValueSpecification\",\"valueRequired\":true,\"valueName\":\"search_term_string\"}}],\"inLanguage\":\"de\"},{\"@type\":\"Organization\",\"@id\":\"https:\\\/\\\/museum-mb.si\\\/#organization\",\"name\":\"Pokrajinski muzej Maribor\",\"url\":\"https:\\\/\\\/museum-mb.si\\\/\",\"logo\":{\"@type\":\"ImageObject\",\"inLanguage\":\"de\",\"@id\":\"https:\\\/\\\/museum-mb.si\\\/#\\\/schema\\\/logo\\\/image\\\/\",\"url\":\"https:\\\/\\\/museum-mb.si\\\/wp-content\\\/uploads\\\/2024\\\/12\\\/pmm_logo_barvni_jpeg.jpg\",\"contentUrl\":\"https:\\\/\\\/museum-mb.si\\\/wp-content\\\/uploads\\\/2024\\\/12\\\/pmm_logo_barvni_jpeg.jpg\",\"width\":758,\"height\":754,\"caption\":\"Pokrajinski muzej Maribor\"},\"image\":{\"@id\":\"https:\\\/\\\/museum-mb.si\\\/#\\\/schema\\\/logo\\\/image\\\/\"},\"sameAs\":[\"https:\\\/\\\/www.facebook.com\\\/pomum123\",\"https:\\\/\\\/www.instagram.com\\\/maribor_museum\\\/\",\"https:\\\/\\\/www.youtube.com\\\/channel\\\/UCdshtCrun841Oc-35tYLBGQ\"]}]}<\/script>\n<!-- \/ Yoast SEO plugin. -->","yoast_head_json":{"title":"MARIBORISCHER MALER EDUARD LIND - Regionalmuseum Maribor","robots":{"index":"index","follow":"follow","max-snippet":"max-snippet:-1","max-image-preview":"max-image-preview:large","max-video-preview":"max-video-preview:-1"},"canonical":"https:\/\/museum-mb.si\/de\/veranstaltungen\/mariborski-slikar-eduard-lind\/","og_locale":"de_DE","og_type":"article","og_title":"MARIBORSKI SLIKAR EDUARD LIND &#8211; Pokrajinski muzej Maribor","og_description":"\u2022 Pokrajinski muzej Maribor Vas vljudno vabi na \u2022 odprtje ob\u010dasne razstave MARIBORSKI SLIKAR EDUARD LIND v ponedeljek, 2. decembra 2024, ob 18.00 (Vite\u0161ka dvorana, vhod iz Grajske ulice 2) Razstava skozi slikarska dela Eduarda Linda, portretista nem\u0161kega rodu, ki je v drugi polovici 19. stoletja deloval v Mariboru, predstavlja takratne cerkvene dostojanstvenike, \u017eupane, zaslu\u017ene [&hellip;]","og_url":"https:\/\/museum-mb.si\/de\/veranstaltungen\/mariborski-slikar-eduard-lind\/","og_site_name":"Pokrajinski muzej Maribor","article_publisher":"https:\/\/www.facebook.com\/pomum123","article_modified_time":"2024-12-16T08:10:39+00:00","og_image":[{"width":300,"height":200,"url":"https:\/\/museum-mb.si\/wp-content\/uploads\/2024\/11\/Eduard-LIND-slika-DOGODKI-GRID-300x200-px-brez-besedila.jpg","type":"image\/jpeg"}],"twitter_card":"summary_large_image","twitter_misc":{"Gesch\u00e4tzte Lesezeit":"1\u00a0Minute"},"schema":{"@context":"https:\/\/schema.org","@graph":[{"@type":"WebPage","@id":"https:\/\/museum-mb.si\/dogodki\/mariborski-slikar-eduard-lind\/","url":"https:\/\/museum-mb.si\/dogodki\/mariborski-slikar-eduard-lind\/","name":"MARIBORISCHER MALER EDUARD LIND - Regionalmuseum Maribor","isPartOf":{"@id":"https:\/\/museum-mb.si\/#website"},"primaryImageOfPage":{"@id":"https:\/\/museum-mb.si\/dogodki\/mariborski-slikar-eduard-lind\/#primaryimage"},"image":{"@id":"https:\/\/museum-mb.si\/dogodki\/mariborski-slikar-eduard-lind\/#primaryimage"},"thumbnailUrl":"https:\/\/museum-mb.si\/wp-content\/uploads\/2024\/11\/Eduard-LIND-slika-DOGODKI-GRID-300x200-px-brez-besedila.jpg","datePublished":"2024-11-22T11:04:55+00:00","dateModified":"2024-12-16T08:10:39+00:00","breadcrumb":{"@id":"https:\/\/museum-mb.si\/dogodki\/mariborski-slikar-eduard-lind\/#breadcrumb"},"inLanguage":"de","potentialAction":[{"@type":"ReadAction","target":["https:\/\/museum-mb.si\/dogodki\/mariborski-slikar-eduard-lind\/"]}]},{"@type":"ImageObject","inLanguage":"de","@id":"https:\/\/museum-mb.si\/dogodki\/mariborski-slikar-eduard-lind\/#primaryimage","url":"https:\/\/museum-mb.si\/wp-content\/uploads\/2024\/11\/Eduard-LIND-slika-DOGODKI-GRID-300x200-px-brez-besedila.jpg","contentUrl":"https:\/\/museum-mb.si\/wp-content\/uploads\/2024\/11\/Eduard-LIND-slika-DOGODKI-GRID-300x200-px-brez-besedila.jpg","width":300,"height":200},{"@type":"BreadcrumbList","@id":"https:\/\/museum-mb.si\/dogodki\/mariborski-slikar-eduard-lind\/#breadcrumb","itemListElement":[{"@type":"ListItem","position":1,"name":"Domov","item":"https:\/\/museum-mb.si\/"},{"@type":"ListItem","position":2,"name":"Dogodki","item":"https:\/\/museum-mb.si\/dogodki\/"},{"@type":"ListItem","position":3,"name":"MARIBORSKI SLIKAR EDUARD LIND"}]},{"@type":"WebSite","@id":"https:\/\/museum-mb.si\/#website","url":"https:\/\/museum-mb.si\/","name":"Regionalmuseum Maribor","description":"","publisher":{"@id":"https:\/\/museum-mb.si\/#organization"},"potentialAction":[{"@type":"SearchAction","target":{"@type":"EntryPoint","urlTemplate":"https:\/\/museum-mb.si\/?s={search_term_string}"},"query-input":{"@type":"PropertyValueSpecification","valueRequired":true,"valueName":"search_term_string"}}],"inLanguage":"de"},{"@type":"Organization","@id":"https:\/\/museum-mb.si\/#organization","name":"Regionalmuseum Maribor","url":"https:\/\/museum-mb.si\/","logo":{"@type":"ImageObject","inLanguage":"de","@id":"https:\/\/museum-mb.si\/#\/schema\/logo\/image\/","url":"https:\/\/museum-mb.si\/wp-content\/uploads\/2024\/12\/pmm_logo_barvni_jpeg.jpg","contentUrl":"https:\/\/museum-mb.si\/wp-content\/uploads\/2024\/12\/pmm_logo_barvni_jpeg.jpg","width":758,"height":754,"caption":"Pokrajinski muzej Maribor"},"image":{"@id":"https:\/\/museum-mb.si\/#\/schema\/logo\/image\/"},"sameAs":["https:\/\/www.facebook.com\/pomum123","https:\/\/www.instagram.com\/maribor_museum\/","https:\/\/www.youtube.com\/channel\/UCdshtCrun841Oc-35tYLBGQ"]}]}},"_links":{"self":[{"href":"https:\/\/museum-mb.si\/de\/wp-json\/wp\/v2\/dogodki\/78226","targetHints":{"allow":["GET"]}}],"collection":[{"href":"https:\/\/museum-mb.si\/de\/wp-json\/wp\/v2\/dogodki"}],"about":[{"href":"https:\/\/museum-mb.si\/de\/wp-json\/wp\/v2\/types\/dogodki"}],"version-history":[{"count":8,"href":"https:\/\/museum-mb.si\/de\/wp-json\/wp\/v2\/dogodki\/78226\/revisions"}],"predecessor-version":[{"id":78351,"href":"https:\/\/museum-mb.si\/de\/wp-json\/wp\/v2\/dogodki\/78226\/revisions\/78351"}],"wp:featuredmedia":[{"embeddable":true,"href":"https:\/\/museum-mb.si\/de\/wp-json\/wp\/v2\/media\/78227"}],"wp:attachment":[{"href":"https:\/\/museum-mb.si\/de\/wp-json\/wp\/v2\/media?parent=78226"}],"wp:term":[{"taxonomy":"vrsta-dogodka","embeddable":true,"href":"https:\/\/museum-mb.si\/de\/wp-json\/wp\/v2\/vrsta-dogodka?post=78226"}],"curies":[{"name":"wp","href":"https:\/\/api.w.org\/{rel}","templated":true}]}}