{"id":75355,"date":"2023-02-24T14:17:16","date_gmt":"2023-02-24T13:17:16","guid":{"rendered":"https:\/\/museum-mb.si\/?post_type=dogodki&#038;p=75355"},"modified":"2024-04-12T11:59:04","modified_gmt":"2024-04-12T10:59:04","slug":"prasentation-kipara-kollektion","status":"publish","type":"dogodki","link":"https:\/\/museum-mb.si\/de\/veranstaltungen\/prasentation-kipara-kollektion\/","title":{"rendered":"PR\u00c4SENTATION DER SKULPTURENSAMMLUNG"},"content":{"rendered":"<div class=\"x11i5rnm xat24cr x1mh8g0r x1vvkbs xdj266r\">Pr\u00e4sentation der Skulpturensammlung, Restaurierungsarbeiten und \u00dcbergabe der Schenkung<br \/>\n\ud835\ude37 \u010d\ud835\ude26\ud835\ude35\ud835\ude33\ud835\ude35\ud835\ude26\ud835\ude2c, 2. \ud835\ude2e\ud835\ude22\ud835\ude33\ud835\ude24\ud835\ude22 2023 \ud835\ude30\ud835\ude23 18,00<br \/>\n(\ud835\ude0e\ud835\ude33\ud835\ude22\ud835\ude2b\ud835\ude34\ud835\ude2c\ud835\ude22 \ud835\ude36\ud835\ude2d\ud835\ude2a\ud835\ude24\ud835\ude22 2)<\/div>\n<div class=\"x11i5rnm xat24cr x1mh8g0r x1vvkbs xtlvy1s\">Im Offenen Skulpturendepot im ersten Stock der Burgbastion wird Dr. Valentina Bevc Varl \ud835\udc33\ud835\udc33\ud835\udc1b\ud835\udc22\ud835\udc2b\ud835\udc24\ud835\udc28 \ud835\udc24\ud835\udc22\ud835\udc29\ud835\udc1a\ud835\udc2b\ud835\udc2c\ud835\udc2d\ud835\udc2f\ud835\udc1a des Regionalmuseums Maribor vorstellen und insbesondere die Werke der Dauerausstellung hervorheben. Sa\u0161a Dolin\u0161ek, Berater f\u00fcr Konservierung und Restaurierung im Restaurierungszentrum des Instituts f\u00fcr den Schutz des kulturellen Erbes, wird ein Beispiel f\u00fcr eine Statue \ud835\udc0a\ud835\udc2b\ud835\udc22\u017e\ud835\udc1a\ud835\udc27\ud835\udc1e\ud835\udc20\ud835\udc1a \ud835\udc22\ud835\udc33 \ud835\udc1c\ud835\udc1e\ud835\udc2b\ud835\udc24\ud835\udc2f\ud835\udc1e \ud835\udc2c\ud835\udc2f vorstellen. \ud835\udc00\ud835\udc2b\ud835\udc1e\ud835\udc21\ud835\udc1a \ud835\udc27\ud835\udc1a \ud835\udc0f\ud835\udc28\ud835\udc21\ud835\udc28\ud835\udc2b\ud835\udc23\ud835\udc2e, stellte die Restaurierungsverfahren an den Statuen und die Verfahren zur Herstellung von Repliken vor. Bei dieser Gelegenheit wird der Pfarrer der Pfarrei St. Martin auf dem Pohorje-Gebirge, Herr Dejan Frange\u017e, dem Museum \ud835\udc2c\ud835\udc25\ud835\udc1a\ud835\udc2f\ud835\udc27\ud835\udc28\ud835\udc2c\ud835\udc2d\ud835\udc27\ud835\udc28 \ud835\udc29\ud835\udc2b\ud835\udc2b\ud835\udc1e\ud835\udc1d\ud835\udc1d\ud835\udc1d\ud835\udc1a\ud835\udc25 \ud835\udc1d\ud835\udc28\ud835\udc27\ud835\udc1a\ud835\udc1c\ud835\udc22\ud835\udc23\ud835\udc28 - die Statue des Gekreuzigten aus dem Altar von St. Martin auf dem Pohorje-Gebirge \u00fcbergeben. Der Gekreuzigte ist eine Statue des Gekreuzigten aus dem St. Arethus auf dem Pohorje-Gebirge, ein Werk des Barockbildhauers Jozef Holzinger.<\/div>\n<div class=\"x11i5rnm xat24cr x1mh8g0r x1vvkbs xtlvy1s\">Wir freuen uns auf Ihren Besuch!<\/div>","protected":false},"featured_media":66919,"template":"","vrsta-dogodka":[39],"class_list":["post-75355","dogodki","type-dogodki","status-publish","has-post-thumbnail","hentry","vrsta-dogodka-prihajajoci-dogodki"],"yoast_head":"<!-- This site is optimized with the Yoast SEO plugin v27.5 - https:\/\/yoast.com\/product\/yoast-seo-wordpress\/ -->\n<title>PREDSTAVITEV KIPARSKE ZBIRKE &#8211; Pokrajinski muzej Maribor<\/title>\n<meta name=\"robots\" content=\"index, follow, max-snippet:-1, max-image-preview:large, max-video-preview:-1\" \/>\n<link rel=\"canonical\" href=\"https:\/\/museum-mb.si\/de\/veranstaltungen\/prasentation-kipara-kollektion\/\" \/>\n<meta property=\"og:locale\" content=\"de_DE\" \/>\n<meta property=\"og:type\" content=\"article\" \/>\n<meta property=\"og:title\" content=\"PREDSTAVITEV KIPARSKE ZBIRKE &#8211; Pokrajinski muzej Maribor\" \/>\n<meta property=\"og:description\" content=\"Predstavitev zbirke kiparstva, restavratorska dela in predaja donacije \ud835\ude37 \u010d\ud835\ude26\ud835\ude35\ud835\ude33\ud835\ude35\ud835\ude26\ud835\ude2c, 2. \ud835\ude2e\ud835\ude22\ud835\ude33\ud835\ude24\ud835\ude22 2023 \ud835\ude30\ud835\ude23 18.00 (\ud835\ude0e\ud835\ude33\ud835\ude22\ud835\ude2b\ud835\ude34\ud835\ude2c\ud835\ude22 \ud835\ude36\ud835\ude2d\ud835\ude2a\ud835\ude24\ud835\ude22 2) V Odprtem depoju kiparstva, v prvem nadstropju grajske bastije bo dr. Valentina Bevc Varl predstavila \ud835\udc33\ud835\udc1b\ud835\udc22\ud835\udc2b\ud835\udc24\ud835\udc28 \ud835\udc24\ud835\udc22\ud835\udc29\ud835\udc1a\ud835\udc2b\ud835\udc2c\ud835\udc2d\ud835\udc2f\ud835\udc1a Pokrajinskega muzeja Maribor in \u0161e posebej izpostavila dela v stalni razstavi. Sa\u0161a Dolin\u0161ek, konservatorsko-restavratorska svetovalka na Restavratorskem centru Zavoda za [&hellip;]\" \/>\n<meta property=\"og:url\" content=\"https:\/\/museum-mb.si\/de\/veranstaltungen\/prasentation-kipara-kollektion\/\" \/>\n<meta property=\"og:site_name\" content=\"Pokrajinski muzej Maribor\" \/>\n<meta property=\"article:publisher\" content=\"https:\/\/www.facebook.com\/pomum123\" \/>\n<meta property=\"article:modified_time\" content=\"2024-04-12T10:59:04+00:00\" \/>\n<meta property=\"og:image\" content=\"https:\/\/museum-mb.si\/wp-content\/uploads\/2022\/08\/07_GRAD_galerija05.jpg\" \/>\n\t<meta property=\"og:image:width\" content=\"386\" \/>\n\t<meta property=\"og:image:height\" content=\"386\" \/>\n\t<meta property=\"og:image:type\" content=\"image\/jpeg\" \/>\n<meta name=\"twitter:card\" content=\"summary_large_image\" \/>\n<script type=\"application\/ld+json\" class=\"yoast-schema-graph\">{\"@context\":\"https:\\\/\\\/schema.org\",\"@graph\":[{\"@type\":\"WebPage\",\"@id\":\"https:\\\/\\\/museum-mb.si\\\/dogodki\\\/predstavitev-kiparske-zbirke\\\/\",\"url\":\"https:\\\/\\\/museum-mb.si\\\/dogodki\\\/predstavitev-kiparske-zbirke\\\/\",\"name\":\"PREDSTAVITEV KIPARSKE ZBIRKE &#8211; Pokrajinski muzej Maribor\",\"isPartOf\":{\"@id\":\"https:\\\/\\\/museum-mb.si\\\/#website\"},\"primaryImageOfPage\":{\"@id\":\"https:\\\/\\\/museum-mb.si\\\/dogodki\\\/predstavitev-kiparske-zbirke\\\/#primaryimage\"},\"image\":{\"@id\":\"https:\\\/\\\/museum-mb.si\\\/dogodki\\\/predstavitev-kiparske-zbirke\\\/#primaryimage\"},\"thumbnailUrl\":\"https:\\\/\\\/museum-mb.si\\\/wp-content\\\/uploads\\\/2022\\\/08\\\/07_GRAD_galerija05.jpg\",\"datePublished\":\"2023-02-24T13:17:16+00:00\",\"dateModified\":\"2024-04-12T10:59:04+00:00\",\"breadcrumb\":{\"@id\":\"https:\\\/\\\/museum-mb.si\\\/dogodki\\\/predstavitev-kiparske-zbirke\\\/#breadcrumb\"},\"inLanguage\":\"de\",\"potentialAction\":[{\"@type\":\"ReadAction\",\"target\":[\"https:\\\/\\\/museum-mb.si\\\/dogodki\\\/predstavitev-kiparske-zbirke\\\/\"]}]},{\"@type\":\"ImageObject\",\"inLanguage\":\"de\",\"@id\":\"https:\\\/\\\/museum-mb.si\\\/dogodki\\\/predstavitev-kiparske-zbirke\\\/#primaryimage\",\"url\":\"https:\\\/\\\/museum-mb.si\\\/wp-content\\\/uploads\\\/2022\\\/08\\\/07_GRAD_galerija05.jpg\",\"contentUrl\":\"https:\\\/\\\/museum-mb.si\\\/wp-content\\\/uploads\\\/2022\\\/08\\\/07_GRAD_galerija05.jpg\",\"width\":386,\"height\":386},{\"@type\":\"BreadcrumbList\",\"@id\":\"https:\\\/\\\/museum-mb.si\\\/dogodki\\\/predstavitev-kiparske-zbirke\\\/#breadcrumb\",\"itemListElement\":[{\"@type\":\"ListItem\",\"position\":1,\"name\":\"Domov\",\"item\":\"https:\\\/\\\/museum-mb.si\\\/\"},{\"@type\":\"ListItem\",\"position\":2,\"name\":\"Dogodki\",\"item\":\"https:\\\/\\\/museum-mb.si\\\/dogodki\\\/\"},{\"@type\":\"ListItem\",\"position\":3,\"name\":\"PREDSTAVITEV KIPARSKE ZBIRKE\"}]},{\"@type\":\"WebSite\",\"@id\":\"https:\\\/\\\/museum-mb.si\\\/#website\",\"url\":\"https:\\\/\\\/museum-mb.si\\\/\",\"name\":\"Pokrajinski muzej Maribor\",\"description\":\"\",\"publisher\":{\"@id\":\"https:\\\/\\\/museum-mb.si\\\/#organization\"},\"potentialAction\":[{\"@type\":\"SearchAction\",\"target\":{\"@type\":\"EntryPoint\",\"urlTemplate\":\"https:\\\/\\\/museum-mb.si\\\/?s={search_term_string}\"},\"query-input\":{\"@type\":\"PropertyValueSpecification\",\"valueRequired\":true,\"valueName\":\"search_term_string\"}}],\"inLanguage\":\"de\"},{\"@type\":\"Organization\",\"@id\":\"https:\\\/\\\/museum-mb.si\\\/#organization\",\"name\":\"Pokrajinski muzej Maribor\",\"url\":\"https:\\\/\\\/museum-mb.si\\\/\",\"logo\":{\"@type\":\"ImageObject\",\"inLanguage\":\"de\",\"@id\":\"https:\\\/\\\/museum-mb.si\\\/#\\\/schema\\\/logo\\\/image\\\/\",\"url\":\"https:\\\/\\\/museum-mb.si\\\/wp-content\\\/uploads\\\/2024\\\/12\\\/pmm_logo_barvni_jpeg.jpg\",\"contentUrl\":\"https:\\\/\\\/museum-mb.si\\\/wp-content\\\/uploads\\\/2024\\\/12\\\/pmm_logo_barvni_jpeg.jpg\",\"width\":758,\"height\":754,\"caption\":\"Pokrajinski muzej Maribor\"},\"image\":{\"@id\":\"https:\\\/\\\/museum-mb.si\\\/#\\\/schema\\\/logo\\\/image\\\/\"},\"sameAs\":[\"https:\\\/\\\/www.facebook.com\\\/pomum123\",\"https:\\\/\\\/www.instagram.com\\\/maribor_museum\\\/\",\"https:\\\/\\\/www.youtube.com\\\/channel\\\/UCdshtCrun841Oc-35tYLBGQ\"]}]}<\/script>\n<!-- \/ Yoast SEO plugin. -->","yoast_head_json":{"title":"PR\u00c4SENTATION DER KUPPERSAMMLUNG - Regionalmuseum Maribor","robots":{"index":"index","follow":"follow","max-snippet":"max-snippet:-1","max-image-preview":"max-image-preview:large","max-video-preview":"max-video-preview:-1"},"canonical":"https:\/\/museum-mb.si\/de\/veranstaltungen\/prasentation-kipara-kollektion\/","og_locale":"de_DE","og_type":"article","og_title":"PREDSTAVITEV KIPARSKE ZBIRKE &#8211; Pokrajinski muzej Maribor","og_description":"Predstavitev zbirke kiparstva, restavratorska dela in predaja donacije \ud835\ude37 \u010d\ud835\ude26\ud835\ude35\ud835\ude33\ud835\ude35\ud835\ude26\ud835\ude2c, 2. \ud835\ude2e\ud835\ude22\ud835\ude33\ud835\ude24\ud835\ude22 2023 \ud835\ude30\ud835\ude23 18.00 (\ud835\ude0e\ud835\ude33\ud835\ude22\ud835\ude2b\ud835\ude34\ud835\ude2c\ud835\ude22 \ud835\ude36\ud835\ude2d\ud835\ude2a\ud835\ude24\ud835\ude22 2) V Odprtem depoju kiparstva, v prvem nadstropju grajske bastije bo dr. Valentina Bevc Varl predstavila \ud835\udc33\ud835\udc1b\ud835\udc22\ud835\udc2b\ud835\udc24\ud835\udc28 \ud835\udc24\ud835\udc22\ud835\udc29\ud835\udc1a\ud835\udc2b\ud835\udc2c\ud835\udc2d\ud835\udc2f\ud835\udc1a Pokrajinskega muzeja Maribor in \u0161e posebej izpostavila dela v stalni razstavi. Sa\u0161a Dolin\u0161ek, konservatorsko-restavratorska svetovalka na Restavratorskem centru Zavoda za [&hellip;]","og_url":"https:\/\/museum-mb.si\/de\/veranstaltungen\/prasentation-kipara-kollektion\/","og_site_name":"Pokrajinski muzej Maribor","article_publisher":"https:\/\/www.facebook.com\/pomum123","article_modified_time":"2024-04-12T10:59:04+00:00","og_image":[{"width":386,"height":386,"url":"https:\/\/museum-mb.si\/wp-content\/uploads\/2022\/08\/07_GRAD_galerija05.jpg","type":"image\/jpeg"}],"twitter_card":"summary_large_image","schema":{"@context":"https:\/\/schema.org","@graph":[{"@type":"WebPage","@id":"https:\/\/museum-mb.si\/dogodki\/predstavitev-kiparske-zbirke\/","url":"https:\/\/museum-mb.si\/dogodki\/predstavitev-kiparske-zbirke\/","name":"PR\u00c4SENTATION DER KUPPERSAMMLUNG - Regionalmuseum Maribor","isPartOf":{"@id":"https:\/\/museum-mb.si\/#website"},"primaryImageOfPage":{"@id":"https:\/\/museum-mb.si\/dogodki\/predstavitev-kiparske-zbirke\/#primaryimage"},"image":{"@id":"https:\/\/museum-mb.si\/dogodki\/predstavitev-kiparske-zbirke\/#primaryimage"},"thumbnailUrl":"https:\/\/museum-mb.si\/wp-content\/uploads\/2022\/08\/07_GRAD_galerija05.jpg","datePublished":"2023-02-24T13:17:16+00:00","dateModified":"2024-04-12T10:59:04+00:00","breadcrumb":{"@id":"https:\/\/museum-mb.si\/dogodki\/predstavitev-kiparske-zbirke\/#breadcrumb"},"inLanguage":"de","potentialAction":[{"@type":"ReadAction","target":["https:\/\/museum-mb.si\/dogodki\/predstavitev-kiparske-zbirke\/"]}]},{"@type":"ImageObject","inLanguage":"de","@id":"https:\/\/museum-mb.si\/dogodki\/predstavitev-kiparske-zbirke\/#primaryimage","url":"https:\/\/museum-mb.si\/wp-content\/uploads\/2022\/08\/07_GRAD_galerija05.jpg","contentUrl":"https:\/\/museum-mb.si\/wp-content\/uploads\/2022\/08\/07_GRAD_galerija05.jpg","width":386,"height":386},{"@type":"BreadcrumbList","@id":"https:\/\/museum-mb.si\/dogodki\/predstavitev-kiparske-zbirke\/#breadcrumb","itemListElement":[{"@type":"ListItem","position":1,"name":"Domov","item":"https:\/\/museum-mb.si\/"},{"@type":"ListItem","position":2,"name":"Dogodki","item":"https:\/\/museum-mb.si\/dogodki\/"},{"@type":"ListItem","position":3,"name":"PREDSTAVITEV KIPARSKE ZBIRKE"}]},{"@type":"WebSite","@id":"https:\/\/museum-mb.si\/#website","url":"https:\/\/museum-mb.si\/","name":"Regionalmuseum Maribor","description":"","publisher":{"@id":"https:\/\/museum-mb.si\/#organization"},"potentialAction":[{"@type":"SearchAction","target":{"@type":"EntryPoint","urlTemplate":"https:\/\/museum-mb.si\/?s={search_term_string}"},"query-input":{"@type":"PropertyValueSpecification","valueRequired":true,"valueName":"search_term_string"}}],"inLanguage":"de"},{"@type":"Organization","@id":"https:\/\/museum-mb.si\/#organization","name":"Regionalmuseum Maribor","url":"https:\/\/museum-mb.si\/","logo":{"@type":"ImageObject","inLanguage":"de","@id":"https:\/\/museum-mb.si\/#\/schema\/logo\/image\/","url":"https:\/\/museum-mb.si\/wp-content\/uploads\/2024\/12\/pmm_logo_barvni_jpeg.jpg","contentUrl":"https:\/\/museum-mb.si\/wp-content\/uploads\/2024\/12\/pmm_logo_barvni_jpeg.jpg","width":758,"height":754,"caption":"Pokrajinski muzej Maribor"},"image":{"@id":"https:\/\/museum-mb.si\/#\/schema\/logo\/image\/"},"sameAs":["https:\/\/www.facebook.com\/pomum123","https:\/\/www.instagram.com\/maribor_museum\/","https:\/\/www.youtube.com\/channel\/UCdshtCrun841Oc-35tYLBGQ"]}]}},"_links":{"self":[{"href":"https:\/\/museum-mb.si\/de\/wp-json\/wp\/v2\/dogodki\/75355","targetHints":{"allow":["GET"]}}],"collection":[{"href":"https:\/\/museum-mb.si\/de\/wp-json\/wp\/v2\/dogodki"}],"about":[{"href":"https:\/\/museum-mb.si\/de\/wp-json\/wp\/v2\/types\/dogodki"}],"version-history":[{"count":0,"href":"https:\/\/museum-mb.si\/de\/wp-json\/wp\/v2\/dogodki\/75355\/revisions"}],"wp:featuredmedia":[{"embeddable":true,"href":"https:\/\/museum-mb.si\/de\/wp-json\/wp\/v2\/media\/66919"}],"wp:attachment":[{"href":"https:\/\/museum-mb.si\/de\/wp-json\/wp\/v2\/media?parent=75355"}],"wp:term":[{"taxonomy":"vrsta-dogodka","embeddable":true,"href":"https:\/\/museum-mb.si\/de\/wp-json\/wp\/v2\/vrsta-dogodka?post=75355"}],"curies":[{"name":"wp","href":"https:\/\/api.w.org\/{rel}","templated":true}]}}